{"id":264,"date":"2017-11-15T22:12:37","date_gmt":"2017-11-15T22:12:37","guid":{"rendered":"http:\/\/lauramicalizio.it\/?page_id=264"},"modified":"2026-03-18T17:58:19","modified_gmt":"2026-03-18T17:58:19","slug":"nuovi-progetti","status":"publish","type":"page","link":"https:\/\/lauramicalizio.it\/index.php\/nuovi-progetti\/","title":{"rendered":"Vecchi e Nuovi Progetti"},"content":{"rendered":"<p id=\"yui_3_16_0_ym19_1_1510782890981_14708\" style=\"text-align: center;\"><span id=\"yiv1608684374_mce_caret\"><strong id=\"yui_3_16_0_ym19_1_1510782890981_14707\">&#8220;IL PROGETTO CORRADINO&#8221; DI LAURA MICALIZIO:<\/strong><\/span><\/p>\n<p id=\"yui_3_16_0_ym19_1_1510782890981_14706\" style=\"text-align: center;\"><span id=\"yiv1608684374_mce_caret\"><strong id=\"yui_3_16_0_ym19_1_1510782890981_14705\">UN MAGICO FILO CONDUTTORE CHE COLLEGA PROGETTI, FOTO, PUBBLICAZIONI, ARTICOLI DI GIORNALE&#8230;<\/strong><\/span><\/p>\n<p id=\"yui_3_16_0_ym19_1_1510782890981_14704\" style=\"text-align: center;\"><span id=\"yiv1608684374_mce_caret\"><strong id=\"yui_3_16_0_ym19_1_1510782890981_14703\">UN MERAVIGLIOSO VIAGGIO DAL PASSATO AL PRESENTE&#8230;<\/strong><\/span><\/p>\n<p class=\"p1\" style=\"text-align: center;\"><span class=\"s1\"><b>Itinerario dal 1994 ad oggi<\/b> del:<\/span><\/p>\n<p class=\"p2\" style=\"text-align: center;\"><span class=\"s1\"><b>\u201cProgetto Corradino\u201d<\/b><\/span><\/p>\n<p class=\"p2\" style=\"text-align: center;\"><span class=\"s1\">della <b>prof. Laura Micalizio<\/b><\/span><\/p>\n<p class=\"p2\" style=\"text-align: center;\"><span class=\"s1\"><b>Tagliacozzo<\/b><\/span><\/p>\n<p class=\"p3\" style=\"text-align: center;\"><span class=\"s1\">Repertorio Siae n 9803078<\/span><\/p>\n<p class=\"p3\" style=\"text-align: center;\"><span class=\"s1\">&#8212;&#8212;-<\/span><\/p>\n<p class=\"p1\" style=\"text-align: center;\"><span class=\"s1\"><b>Convegno 1994<\/b><\/span><\/p>\n<p class=\"p3\"><span class=\"s1\">Relatori: <\/span><\/p>\n<ul class=\"ul1\">\n<li class=\"li3\"><span class=\"s1\"><b>Prof. Leonardo Saviano \u2013 Universit\u00e0 Federico II di Napoli e Storico del Principato di Monaco.<\/b><\/span><\/li>\n<li class=\"li3\"><span class=\"s1\"><b>Prof. Aurelio Prete Pres. Accademia Internazionale Burckhardt.<\/b><\/span><\/li>\n<li class=\"li3\"><span class=\"s1\"><b>Ambasciatore dell\u2019Honduras presso la Santa Sede.<\/b><\/span><\/li>\n<li class=\"li3\"><span class=\"s1\"><b>Personalit\u00e0 del mondo della cultura e delle istituzioni.<\/b><\/span><\/li>\n<\/ul>\n<p class=\"p3\"><span class=\"s1\">Documenti e foto (vedi Galleria)<\/span><\/p>\n<p class=\"p3\" style=\"text-align: center;\"><span class=\"s1\">&#8212;&#8212;&#8212;-<\/span><\/p>\n<p class=\"p2\" style=\"text-align: center;\"><span class=\"s1\"><b>Creazione medaglia<\/b><\/span><\/p>\n<p class=\"p2\" style=\"text-align: center;\"><span class=\"s1\"><b>in argento <\/b><\/span><\/p>\n<p class=\"p2\" style=\"text-align: center;\"><span class=\"s1\"><b>(anno 1994)<\/b><\/span><\/p>\n<p class=\"p4\"><span class=\"s1\">Con <b>incisione stemmi di Tagliacozzo e Scurcola Marsicana<\/b><\/span><\/p>\n<p class=\"p4\"><span class=\"s1\">La medaglia (progetto di Laura Micalizio) \u00e8 depositata presso i comuni di Scurcola Marsicana e Tagliacozzo (vedi foto in galleria)<\/span><\/p>\n<p class=\"p4\"><span class=\"s1\">E\u2019 un <b>dono<\/b> dell\u2019 <b>Associazione Culturale \u201cTagliacozzo-Luigi Micalizio\u201d <\/b><\/span><\/p>\n<ul class=\"ul1\">\n<li class=\"li4\"><span class=\"s1\"><b>Rito della medaglia<\/b><\/span><\/li>\n<\/ul>\n<p class=\"p4\"><span class=\"s1\">Ogni anno avviene l\u2019incontro dei due paesi in segno di pace. Le due medaglie divise si riuniscono.<\/span><\/p>\n<p class=\"p3\"><span class=\"s1\">Documenti<span class=\"Apple-converted-space\">\u00a0 <\/span>e foto ( vedi Galleria)<\/span><\/p>\n<p class=\"p3\" style=\"text-align: center;\"><span class=\"s1\">&#8212;&#8212;&#8212;-<\/span><\/p>\n<p class=\"p1\" style=\"text-align: center;\"><span class=\"s1\"><b>Presentazione Tesi di Laurea ( anno 1994) :<br \/><\/b><\/span><span class=\"s1\"><b>Restauro architettonico \u2013 Castello di Scurcola Marsicana<br \/><\/b><\/span><span class=\"s1\"><b>Relatrice:<span class=\"Apple-converted-space\">\u00a0 <\/span>Dott. Loretta Salciccia<\/b><\/span><\/p>\n<p class=\"p3\"><span class=\"s1\">Documenti: Libro e foto<\/span><\/p>\n<p class=\"p3\" style=\"text-align: center;\"><span class=\"s1\"><b>&#8212;&#8212;<\/b><\/span><\/p>\n<p class=\"p1\" style=\"text-align: center;\"><span class=\"s1\"><b>Pubblicazione del libro : <\/b><\/span><\/p>\n<p class=\"p3\" style=\"text-align: center;\"><span class=\"s1\"><b>\u201cIl borgo di Corradino nel III millennio\u201d di Laura Micalizio<\/b><\/span><\/p>\n<p class=\"p3\"><span class=\"s1\">Versione in lingua italiana e in inglese \u2013 <\/span><span class=\"s3\"><b>anno 1995<\/b><\/span><span class=\"s1\">. La traduzione in tedesco \u00e8 pronta per la stampa. <\/span><\/p>\n<p class=\"p3\"><span class=\"s1\">La presentazione del libro: <b>\u201cIl borgo di Corradino nel III millennio\u201d<\/b> \u00e8 avvenuta presso le scuole della Marsica, in autorevoli luoghi del territorio e presso la Radio TV- Marsica con presentatore Dott. Luca Di Nicola nel<span class=\"Apple-converted-space\">\u00a0 <\/span>programma <b>\u201cMusica e\u2026. <\/b><\/span><\/p>\n<p class=\"p3\"><span class=\"s1\">Video \u2013 sonoro \u2013Laura Micalizio<\/span><\/p>\n<p class=\"p3\"><span class=\"s1\">Documenti: libro e DVD (vedi Galleria)<\/span><\/p>\n<p class=\"p3\" style=\"text-align: center;\"><span class=\"s1\"><b>&#8212;&#8212;&#8211;<\/b><\/span><\/p>\n<p class=\"p2\" style=\"text-align: center;\"><span class=\"s1\"><b>Presentazione del \u201cProgetto Corradino\u201d<\/b><\/span><\/p>\n<p class=\"p2\"><span class=\"s1\"><b>Anno 1995<\/b><\/span><\/p>\n<p class=\"p2\"><span class=\"s1\">A Tagliacozzo, a Scurcola Marsicana, alla Comunit\u00e0 Marsica 1, all\u2019ARSSA di Avezzano e ad altri Enti Istituzionali del territorio.<\/span><\/p>\n<p class=\"p2\"><span class=\"s1\">Realizzazione a Scurcola Marsicana, da parte dell\u2019architetto Lorenzo Fallocco\u00a0 di: corteo storico, cene, cavalcate, convegni e\u2026<\/span><\/p>\n<p class=\"p1\" style=\"text-align: center;\"><span class=\"s1\"><b>Concorso:<\/b><\/span><\/p>\n<p class=\"p2\" style=\"text-align: center;\"><span class=\"s1\"><b>\u201cCorradino di Svevia a scuola \u2013 Luigi Micalizio\u201d<\/b><\/span><\/p>\n<p class=\"p3\"><span class=\"s1\">Presso Istituto Onnicomprensivo Statale di Tagliacozzo<\/span><\/p>\n<p class=\"p3\"><span class=\"s1\">Dodicesima edizione. Si \u00e8 avuta, anche, la partecipazione di Istituti Scolastici della Marsica.<\/span><\/p>\n<p class=\"p3\"><span class=\"s1\">Documenti: le prove dei concorsi e le foto ( vedi in galleria)<\/span><\/p>\n<p class=\"p1\" style=\"text-align: center;\"><span class=\"s1\"><b>&#8212;&#8212;-<\/b><\/span><\/p>\n<p class=\"p1\" style=\"text-align: center;\"><span class=\"s1\"><b>Istituto d\u2019Arte di Avezzano<\/b><\/span><\/p>\n<p class=\"p3\"><span class=\"s1\">Delibera del novembre 1996 in relazione allo studio, da parte degli alunni, del costume del periodo 1200-1300.<\/span><\/p>\n<p class=\"p3\"><span class=\"s1\">Archivio scolastico<\/span><\/p>\n<p class=\"p1\" style=\"text-align: center;\"><span class=\"s1\">&#8212;&#8212;&#8211;<\/span><\/p>\n<p class=\"p2\" style=\"text-align: center;\"><span class=\"s1\"><b>Convegno<\/b><\/span><\/p>\n<p class=\"p4\" style=\"text-align: center;\"><span class=\"s1\">Anno 2000<\/span><\/p>\n<p class=\"p4\" style=\"text-align: center;\"><span class=\"s1\">Istituto Onnicomprensivo di Tagliacozzo<\/span><\/p>\n<p class=\"p2\" style=\"text-align: center;\"><span class=\"s1\"><b>\u201cLa Battaglia di Tagliacozzo\u201d<\/b><\/span><\/p>\n<p class=\"p4\" style=\"text-align: center;\"><span class=\"s1\">Relatrice: prof. Lucia Nasti Sabatini<\/span><\/p>\n<p class=\"p1\" style=\"text-align: center;\"><span class=\"s1\"><b>&#8212;&#8212;&#8212;&#8211;<\/b><\/span><\/p>\n<p class=\"p2\" style=\"text-align: center;\"><span class=\"s1\"><b>Convegno<\/b><\/span><\/p>\n<p class=\"p2\" style=\"text-align: center;\"><span class=\"s1\"><b>\u201cCostume e societ\u00e0 al tempo di Corradino\u201d <\/b><\/span><\/p>\n<p class=\"p2\" style=\"text-align: center;\"><span class=\"s1\"><b>\u201cGrafie al tempo di Corradino\u201d<\/b><\/span><\/p>\n<p class=\"p4\" style=\"text-align: center;\"><span class=\"s1\">Relatore: Prof. Cristiano Torti<\/span><\/p>\n<p class=\"p1\" style=\"text-align: center;\"><span class=\"s1\"><b>Borsa di Studio \u2013 Sante Marie<\/b><\/span><\/p>\n<p class=\"p2\" style=\"text-align: center;\"><span class=\"s1\"><b>\u201cCorradino di Svevia a scuola &#8211; Luigi Micalizio\u201d<\/b><\/span><\/p>\n<p class=\"p3\" style=\"text-align: center;\"><span class=\"s1\">ovvero \u201cLa battaglia di Tagliacozzo nella storia europea\u201d<\/span><\/p>\n<p class=\"p3\" style=\"text-align: center;\"><span class=\"s1\">&#8212;&#8212;&#8211;<\/span><\/p>\n<p class=\"p2\" style=\"text-align: center;\"><span class=\"s1\"><b>Teatro a scuola<\/b><\/span><\/p>\n<p class=\"p2\" style=\"text-align: center;\"><span class=\"s1\"><b>\u201cIl borgo di Corradino nel III millennio\u201d<\/b><\/span><\/p>\n<p class=\"p4\" style=\"text-align: center;\"><span class=\"s1\">Presso la Chiesa di San Francesco Tagliacozzo &#8211; <b>anno 1998<\/b> <\/span><\/p>\n<p class=\"p4\" style=\"text-align: center;\"><span class=\"s1\">Documenti: video-cassetta e dvd<\/span><\/p>\n<p class=\"p3\" style=\"text-align: center;\"><span class=\"s1\">&#8212;&#8212;&#8212;&#8211;<\/span><\/p>\n<p class=\"p2\" style=\"text-align: center;\"><span class=\"s1\"><b>Costumi o vestimenta <\/b><\/span><\/p>\n<p class=\"p2\" style=\"text-align: center;\"><span class=\"s1\"><b>dell\u2019anno 1268<\/b><\/span><\/p>\n<ul class=\"ul1\">\n<li class=\"li3\"><span class=\"s3\"><b>Realizzazione di costumi<span class=\"Apple-converted-space\">\u00a0 <\/span>( <\/b><\/span><span class=\"s1\">progetto di Laura Micalizio<b> anno 2000<\/b> )<\/span><b> <\/b><\/li>\n<\/ul>\n<p class=\"p3\"><span class=\"s1\">ora depositati, in visione, presso una bacheca in vetro nell\u2019Istituto Economico Statale<span class=\"Apple-converted-space\">\u00a0 <\/span>per il Turismo di Tagliacozzo ( primo piano ).<\/span><\/p>\n<ul class=\"ul1\">\n<li class=\"li3\"><span class=\"s1\">Interessanti <b>scambi culturali<\/b> realizzati con Germania, Francia e alcune regioni italiane ( prof. Gemma Recchiuti ).<\/span><\/li>\n<\/ul>\n<p class=\"p3\"><span class=\"s1\">Documenti e foto (vedi galleria)<\/span><\/p>\n<p class=\"p3\" style=\"text-align: center;\"><span class=\"s1\">&#8212;&#8212;&#8212;-<\/span><\/p>\n<p class=\"p9\"><span class=\"s1\"><b>Intitolazione di via o piazza con il nome di Corradino di Svevia e di Carlo D\u2019Angi\u00f2: <\/b><\/span><span class=\"s5\"><b>richiesta<\/b> all\u2019Amministrazione Comunale di Tagliacozzo<\/span><\/p>\n<p class=\"p9\" style=\"text-align: center;\"><span class=\"s5\"><span class=\"s1\">&#8212;&#8212;&#8212;-<\/span><\/span><\/p>\n<ul id=\"yui_3_16_0_1_1517998499237_6710\">\n<li id=\"yui_3_16_0_1_1517998499237_6731\">Anno 1998 &#8211;\u00a0 Progetto\u00a0<strong id=\"yui_3_16_0_1_1517998499237_6831\">G.A.S.<\/strong>\u00a0(\u00a0<strong>G<\/strong>enitori\u00a0<strong>A<\/strong>mici\u00a0<strong>S<\/strong>cuola) Energia di Amore, di Amicizia e di Collaborazione.<\/li>\n<li id=\"yui_3_16_0_1_1517998499237_6720\">Anno 1998\u00a0 &#8211;\u00a0<strong id=\"yui_3_16_0_1_1517998499237_6719\">Una giornata in memoria di Enrico Capalbo-<\/strong>\u00a0Associazione Culturale &#8220;Luigi Micalizio&#8221; &#8211;<strong>\u00a0<\/strong>Consegna da parte di Angelino Iacomini di una\u00a0<strong>\u00a0Medaglia d&#8217;oro<\/strong>\u00a0ricordando il ruolo e la storia dell&#8217;A.A.S.T. a Tagliacozzo.<\/li>\n<li id=\"yui_3_16_0_1_1517998499237_6717\">Anno 1998 &#8211; 23 agosto &#8211;\u00a0<strong id=\"yui_3_16_0_1_1517998499237_6716\">Fiaccolata della pace\u00a0<\/strong>in occasione del 730\u00b0 Anniversario Battaglia di Tagliacozzo &#8221; La luce dell&#8217;amore illumini il nostro cammino sulla via della pace&#8221;.<\/li>\n<li id=\"yui_3_16_0_1_1517998499237_6715\">Anno 1999 &#8211; Progetto:\u00a0<strong id=\"yui_3_16_0_1_1517998499237_6714\">Istituto Statale Alberghiero-\u00a0<\/strong>depositato presso Archivio Comunale Tagliacozzo<\/li>\n<li style=\"text-align: center;\">Anno 2015 &#8211;\u00a0<strong id=\"yui_3_16_0_1_1517998499237_6708\">Educarsi e Formarsi alla Resilienza-\u00a0<\/strong>Incontri presso Istituto Statale per il Turismo -Tagliacozzo. Regione Abruzzo-Azienda Sanitaria Locale I Avezzano-Sulmona-L&#8217;Aquila- Dipartimento di Salute Mentale &#8211; Promotori Prof. Laura Micalizio- Dott. Angelo Gallese- Psichiatra Responsabile del Centro di Salute Mentale di Avezzano.&#8212;&#8212;&#8212;-<\/li>\n<\/ul>\n<p class=\"p9\" style=\"text-align: center;\"><span class=\"s1\"><b>Realizzazione di uno stupendo prototipo della statua di \u201cCorradino a cavallo <\/b><\/span><span class=\"s5\"><b>( <\/b>idea di Laura Micalizio<b> )<\/b><\/span><\/p>\n<ul class=\"ul1\">\n<li class=\"li3\"><span class=\"s3\"><b>Bozzetto in creta, <\/b><\/span><span class=\"s1\">creato dal maestro-scultore prof. Giuseppe Palumbo dell\u2019Aquila, consegnato al Dirigente scolastico prof. Domenico Amicucci, al sig. Giampiero Pendenza e al direttore della Cassa di Risparmio dell\u2019Aquila.<\/span><\/li>\n<li class=\"li3\"><span class=\"s3\"><b>La statua, <\/b><\/span><span class=\"s1\">da realizzare possibilmente in bronzo,<\/span><b> <\/b><span class=\"s1\">dovrebbe<\/span><b> <\/b><span class=\"s1\">essere collocata<span class=\"Apple-converted-space\">\u00a0 <\/span>al centro del nuovo Parco di Tagliacozzo ( di fronte al municipio ). Detto Parco dovrebbe chiamarsi <\/span><span class=\"s3\"><b>\u201cParco della Pace\u201d.<\/b><\/span><\/li>\n<\/ul>\n<p class=\"p11\"><span class=\"s1\">Documenti: foto<\/span><\/p>\n<p class=\"p11\" style=\"text-align: center;\"><span class=\"s1\">&#8212;&#8212;&#8212;-<\/span><\/p>\n<p class=\"p12\" style=\"text-align: center;\"><span class=\"s1\"><b>\u201cCreazione del \u201cSentiero di Corradino\u201d<\/b><\/span><\/p>\n<p class=\"p12\" style=\"text-align: center;\"><span class=\"s1\"><b>o<\/b><\/span><\/p>\n<p class=\"p12\" style=\"text-align: center;\"><span class=\"s1\"><b>\u201cSentiero della pace\u201d<\/b><\/span><\/p>\n<p class=\"p13\" style=\"text-align: center;\"><span class=\"s1\">( idea della prof. Laura Micalizio )<\/span><\/p>\n<p class=\"p12\" style=\"text-align: center;\"><span class=\"s1\"><b>Tagliacozzo-Sante Marie.Castelvecchio<\/b><\/span><\/p>\n<p class=\"p13\"><span class=\"s1\">Collocazione di n. 10 bacheche in 10 borghi del Comune di Sante Marie con visualizzazione di immagini <\/span><\/p>\n<p class=\"p13\"><span class=\"s1\">( tratte dal libro \u201cIl borgo di Corradino nel III millennio ) e racconto storico annesso.<\/span><\/p>\n<p class=\"p13\"><span class=\"s1\">Produzione, per la MezzaMaratona Trail di Sante Marie, di magliette con l\u2019immagine di Corradino tratta dal libro.<\/span><\/p>\n<p class=\"p11\"><span class=\"s1\">Documenti e foto (vedi Galleria)<\/span><\/p>\n<p class=\"p11\" style=\"text-align: center;\"><span class=\"s1\">&#8212;&#8212;&#8212;&#8211;<\/span><\/p>\n<p class=\"p9\" style=\"text-align: center;\"><span class=\"s1\"><b>Creazione e realizzazione del<\/b><\/span><\/p>\n<p class=\"p12\" style=\"text-align: center;\"><span class=\"s1\"><b>\u201cGioco dell\u2019Oca\u201d<\/b><\/span><\/p>\n<p class=\"p12\" style=\"text-align: center;\"><span class=\"s1\"><b>o<\/b><\/span><\/p>\n<p class=\"p12\" style=\"text-align: center;\"><span class=\"s1\"><b>\u201cGioco della Pace\u201d<\/b><\/span><\/p>\n<p class=\"p13\" style=\"text-align: center;\"><span class=\"s1\">di Laura Micalizio<\/span><\/p>\n<p class=\"p13\"><span class=\"s3\"><b>Come imparare la storia divertendosi<\/b><\/span><span class=\"s1\"> ( 500 copie distribuite agli alunni ) <b>anno 2009<\/b><\/span><\/p>\n<p class=\"p12\"><span class=\"s1\"><b>In progetto la realizzazione vivente <\/b><\/span><span class=\"s5\">in luoghi di Tagliacozzo o altro\u2026<\/span><\/p>\n<p class=\"p11\"><span class=\"s1\">Documenti e foto (vedi Galleria)<\/span><\/p>\n<p class=\"p12\"><span class=\"s1\"><b>Premio<\/b> ricevuto, per il <b>Gioco dell\u2019Oca,<\/b><\/span><\/p>\n<p class=\"p12\"><span class=\"s1\"><b>dal Comitato- Fiera di Santa Lucia di Treviso<\/b><\/span><\/p>\n<ul class=\"ul1\">\n<li class=\"li2\"><span class=\"s1\">Alcune classi<b> dell\u2019Istituto Economico Statale per il Turismo di Tagliacozzo <\/b>sono state premiate con un soggiorno gratuito e guida in fiera e nei luoghi pi\u00f9 significativi e importanti di Treviso e dintorni.<\/span><\/li>\n<\/ul>\n<p class=\"p9\"><span class=\"s1\">Documenti e foto (vedi Galleria)<\/span><\/p>\n<p class=\"p1\" style=\"text-align: center;\"><span class=\"s1\"><b>&#8212;&#8212;&#8212;&#8212;&#8212;&#8211;<\/b><\/span><\/p>\n<p class=\"p2\" style=\"text-align: center;\"><span class=\"s1\"><b>Corso di Scrittura Gotica<\/b><\/span><\/p>\n<p class=\"p4\"><span class=\"s1\">Docente: Prof. Laura Micalizio<\/span><\/p>\n<p class=\"p4\"><span class=\"s1\">Dedicato agli alunni della scuola media di primo grado di Tagliacozzo<\/span><\/p>\n<p class=\"p3\" style=\"text-align: center;\"><span class=\"s1\"> &#8212;&#8212;&#8212;&#8211; <\/span><\/p>\n<p class=\"p2\" style=\"text-align: center;\"><span class=\"s1\"><b>Brevetto<\/b><\/span><span class=\"s5\">:<\/span><span class=\"s1\"><b> Il dolce<\/b><\/span><\/p>\n<p class=\"p4\" style=\"text-align: center;\"><span class=\"s1\">di Laura Micalizio<\/span><\/p>\n<p class=\"p2\" style=\"text-align: center;\"><span class=\"s1\"><b>\u201cLa Torta di Corradino\u201d<\/b><\/span><\/p>\n<p class=\"p4\"><span class=\"s1\">Il dolce, oltre che per la promozione culturale del territorio, \u00e8 finalizzato alla <\/span><span class=\"s3\"><b>Creazione<\/b><\/span><\/p>\n<p class=\"p4\"><span class=\"s1\">di botteghe artigiane, pasticcerie e alla creazione di piccole cooperative per i giovani.<\/span><\/p>\n<p class=\"p4\"><span class=\"s1\">Il progetto \u00e8 stato presentato all\u2019Associazione Pari Opportunit\u00e0 di Sante Marie.<\/span><\/p>\n<p class=\"p4\"><span class=\"s1\"> Il prototipo, a base di castagne, \u00e8 stato realizzato da due pasticcerie locali.<\/span><\/p>\n<p class=\"p3\" style=\"text-align: center;\"><span class=\"s1\">&#8212;&#8212;&#8212;&#8211;<\/span><\/p>\n<p class=\"p7\"><span class=\"s1\"><b><span class=\"Apple-converted-space\">\u00a0 <\/span><\/b><\/span><\/p>\n<p class=\"p1\" style=\"text-align: center;\"><span class=\"s1\"><b>Un paese pieno di eroi.<\/b><\/span><\/p>\n<p class=\"p3\" style=\"text-align: center;\"><span class=\"s1\"><b>Realizzazione di un dvd. <\/b><\/span><\/p>\n<p class=\"p3\" style=\"text-align: center;\"><span class=\"s1\"><b>Nella parte iniziale vi \u00e8 il commento e la visione di<span class=\"Apple-converted-space\">\u00a0 <\/span>immagini tratti dal libro <\/b><\/span><\/p>\n<p class=\"p3\" style=\"text-align: center;\"><span class=\"s1\"><b>\u201cIl borgo di Corradino nel III millennio\u201d.<\/b><\/span><\/p>\n<p class=\"p1\" style=\"text-align: center;\"><span class=\"s1\"><b>Contatti da tredici anni con:<\/b><\/span><\/p>\n<p class=\"p2\" style=\"text-align: center;\"><span class=\"s1\"><b>Fondazione Federico II di Hoenstaufen di Iesi.<\/b><\/span><\/p>\n<p class=\"p1\" style=\"text-align: center;\"><span class=\"s1\"><b>Sar\u00e0 Cabina di Regia per la Creazione della Rete Federiciana, punto di fondamentale importanza del Progetto Corradino.<\/b><\/span><\/p>\n<p class=\"p3\"><span class=\"s1\">Sono stati effettuati incontri, organizzati dalla Prof . Laura Micalizio nel ruolo di<span class=\"Apple-converted-space\">\u00a0 <\/span><b>Ambasciatrice <\/b>della suddetta Fondazione, con amministrazione comunale di Tagliacozzo e altre amministrazioni del territorio. ( vedi galleria )<\/span><\/p>\n<p class=\"p1\" style=\"text-align: center;\"><span class=\"s1\"><b>&#8212;&#8212;&#8212;&#8212;&#8211;<\/b><\/span><\/p>\n<p class=\"p1\" style=\"text-align: center;\"><span class=\"s1\"><b>Nomina del ruolo di <\/b><\/span><\/p>\n<p class=\"p2\" style=\"text-align: center;\"><span class=\"s1\"><b>Ambasciatrice <\/b><\/span><\/p>\n<p class=\"p2\" style=\"text-align: center;\"><span class=\"s1\"><b>da parte della Fondazione Federico II di Svevia ( Iesi) alla <\/b><\/span><\/p>\n<p class=\"p2\" style=\"text-align: center;\"><span class=\"s1\"><b>prof. Laura Micalizio<\/b><\/span><\/p>\n<p class=\"p1\" style=\"text-align: center;\"><span class=\"s1\"><b>Contatti della Fondazione Federico II di Iesi ( in collaborazione con la<span class=\"Apple-converted-space\">\u00a0 <\/span>prof. Laura Micalizio ) con<span class=\"Apple-converted-space\">\u00a0 \u00a0<\/span><\/b><\/span><\/p>\n<p class=\"p2\" style=\"text-align: center;\"><span class=\"s1\"><b>Istituto Storico Germanico di Roma e Angela Merkel<\/b><\/span><\/p>\n<p class=\"p1\" style=\"text-align: center;\"><span class=\"s1\"><b>per le celebrazioni del 2018 \u2013 Epopea Corradiniana ( 750\u00b0 anno dalla<span class=\"Apple-converted-space\">\u00a0 <\/span>battaglia di Tagliacozzo ). <\/b><\/span><\/p>\n<p class=\"p1\" style=\"text-align: center;\"><span class=\"s1\"><b>&#8212;&#8212;&#8212;&#8212;&#8212;-<\/b><\/span><\/p>\n<p class=\"p1\" style=\"text-align: center;\"><span class=\"s1\"><b>Contatti con il Dirigente Scolastico<\/b><\/span><\/p>\n<p class=\"p2\" style=\"text-align: center;\"><span class=\"s1\"><b>Istituto S. Bandini di Siena<\/b><\/span><\/p>\n<p class=\"p1\" style=\"text-align: center;\"><span class=\"s1\"><b>Dott. Alfredo Stefanelli, per eventuale scambio culturale e\/o gemellaggio<\/b><\/span><\/p>\n<p class=\"p1\" style=\"text-align: center;\"><span class=\"s1\"><b>( celebrazione epopea corradiniana )<\/b><\/span><\/p>\n<p class=\"p1\" style=\"text-align: center;\"><span class=\"s1\"><b>Documenti: Il progetto: Corradino di Svevia- Aspettando il 2018<\/b><\/span><\/p>\n<p class=\"p1\" style=\"text-align: center;\"><span class=\"s1\"><b>&#8212;&#8212;&#8212;<\/b><\/span><\/p>\n<p class=\"p1\" style=\"text-align: center;\"><span class=\"s1\"><b> Contatti da dodici anni, <\/b>della prof. Laura Micalizio<b>, con: <\/b><\/span><\/p>\n<p class=\"p2\" style=\"text-align: center;\"><span class=\"s1\"><b>lo Storico Federico Canaccini<\/b><\/span><\/p>\n<p class=\"p4\" style=\"text-align: center;\"><span class=\"s1\">( vedere il suo sito e le sue opere)<\/span><\/p>\n<p class=\"p4\"><span class=\"s1\">per la\u00a0<\/span><span class=\"s1\"><b>Realizzazione di un Plastico della Battaglia di Tagliacozzo.<\/b><\/span><\/p>\n<p class=\"p4\"><span class=\"s1\">Progetto presentato all\u2019Amministrazione di Scurcola Marsicana in presenza di altre istituzioni del territorio.<\/span><\/p>\n<p class=\"p3\" style=\"text-align: center;\"><span class=\"s1\">&#8212;&#8212;&#8212;&#8212;<\/span><\/p>\n<p class=\"p2\" style=\"text-align: center;\"><span class=\"s1\"><b>L\u2019Associazione Culturale \u201cLuigi Micalizio\u201d,<\/b><\/span><\/p>\n<p class=\"p3\"><span class=\"s1\">in questi ultimi 24 anni<span class=\"Apple-converted-space\">\u00a0 <\/span>( anno di fondazione 1993 ) ha organizzato, oltre a molteplici<span class=\"Apple-converted-space\">\u00a0 <\/span>manifestazioni, numerosi convegni presso le scuole<span class=\"Apple-converted-space\">\u00a0 <\/span>e nella Sala Consiliare<span class=\"Apple-converted-space\">\u00a0 <\/span>del Comune di Tagliacozzo, tenuti da illustri relatori quali:<\/span><\/p>\n<p class=\"p3\"><span class=\"s1\">il prof. <b>Leonardo Saviano<\/b>, il prof. <b>Angelo Guido Sabatini<\/b>, il prof. <b>Ludovico Gatto<\/b> e altri\u2026<\/span><\/p>\n<p class=\"p3\" style=\"text-align: center;\"><span class=\"s1\">&#8212;&#8212;&#8212;&#8212;<\/span><\/p>\n<p class=\"p1\" style=\"text-align: center;\"><span class=\"s1\"><b>Progetto anno:<\/b><\/span><\/p>\n<p class=\"p2\" style=\"text-align: center;\"><span class=\"s1\"><b>Premio annuale<\/b><\/span><\/p>\n<p class=\"p2\" style=\"text-align: center;\"><span class=\"s1\"><b>\u201cCorradino di Svevia\u201d<\/b><\/span><\/p>\n<p class=\"p2\" style=\"text-align: center;\"><span class=\"s1\"><b>Regionale \u2013 Nazionale \u2013 Internazionale<\/b><\/span><\/p>\n<p class=\"p1\" style=\"text-align: center;\"><span class=\"s1\"><b>&#8212;&#8212;&#8212;&#8212;&#8212;&#8212;&#8212;&#8212;<\/b><\/span><\/p>\n<p class=\"p1\" style=\"text-align: center;\"><span class=\"s1\"><b>Progetto:<\/b><\/span><\/p>\n<p class=\"p2\" style=\"text-align: center;\"><span class=\"s1\"><b>\u201cPaesi insieme\u201d<\/b><\/span><\/p>\n<p class=\"p2\" style=\"text-align: center;\"><span class=\"s1\"><b>Sviluppo del Progetto Corradino<\/b><\/span><\/p>\n<p class=\"p3\"><span class=\"s1\">presentato al Sindaco di Tagliacozzo, al Consigliere Regionale e Sindaco di Sante Marie sig. Lorenzo Berardinetti, ad altri Comuni di cinque paesi della Marsica (coinvolti ed interessati a questo tema) e alla presenza dell\u2019architetto dott. Lorenzo Fallocco di Scurcola Marsicana.<\/span><\/p>\n<p class=\"p3\" style=\"text-align: center;\"><span class=\"s1\">&#8212;&#8212;&#8212;&#8212;&#8212;-<\/span><\/p>\n<p class=\"p1\" style=\"text-align: center;\"><span class=\"s1\"><b>2017\/2018 \u2013 Progetto Corradino di Svevia: <\/b><\/span><\/p>\n<p class=\"p1\" style=\"text-align: center;\"><span class=\"s1\"><b>Aspettando il 2018<\/b><\/span><\/p>\n<p class=\"p3\"><span class=\"s1\">Nel 2018 si avr\u00e0 il <b>750\u00b0 anniversario della Battaglia di Tagliacozzo avvenuta nei Piani<\/b> <b>Palentini<\/b>, che costituisce la definitiva caduta della parabola sveva. <b>Un evento<\/b> <b>che<\/b> per soggetti e luoghi <b>pu\u00f2 coinvolgere una molteplicit\u00e0<\/b> <b>di Regioni\/citt\u00e0 italiane<\/b> <b>partendo dal Nord giungendo fino alla Sicilia,<\/b> <b>e fino ad estendersi in ambito<\/b> <b>Europeo con il coinvolgimento a<\/b> <b>Germania, Francia e Spagna.<\/b> Un appuntamento che pu\u00f2 divenire, nell\u2019organizzazione delle celebrazioni, un\u2019occasione imperdibile per innescare un circuito di collegamento mirato alla valorizzazione dei territori attraverso l\u2019approfondimento\u2026 <\/span><\/p>\n<p class=\"p3\"><span class=\"s1\">Documenti: Incontri con le istituzioni &#8211; vedi Galleria<\/span><\/p>\n<p class=\"p3\" style=\"text-align: center;\"><span class=\"s1\">\u2026\u2026\u2026\u2026\u2026\u2026\u2026<\/span><\/p>\n<p class=\"p2\" style=\"text-align: center;\"><span class=\"s1\"><b>Annullo filatelico<\/b><\/span><\/p>\n<p class=\"p2\" style=\"text-align: center;\"><span class=\"s1\"><b>Contatti con Direttrice delle Poste dell\u2019Aquila.<\/b><\/span><\/p>\n<p class=\"p2\" style=\"text-align: center;\"><span class=\"s1\"><b>Dono di immagini tratte dal libro<\/b><\/span><\/p>\n<p class=\"p2\" style=\"text-align: center;\"><span class=\"s1\"><b>\u201cIl borgo di Corradino Nel III millennio\u201d<\/b><\/span><\/p>\n<ul>\n<li>2004: Visione del Bozzetto in creta della Statua di Corradino a cavallo (idea di Laura Micalizio) da situare nel Parco della Pace e da realizzare in bronzo. Incontro con il Maestro- Scultore Prof. Giuseppe Palumbo dell\u2019Istituto d\u2019Arte di Avezzano, alla presenza del Dirigente scolastico, del Sindaco del comune di Tagliacozzo e di un Funzionario della Cassa di Risparmio di l\u2019Aquila.<\/li>\n<\/ul>\n<ul>\n<li>Il Rito della Medaglia. (Avvenuto la prima volta nel 1994) La medaglia ( idea di Laura Micalizio) \u00e8 una creazione in argento (Gioielleria Tummolillo \u2013Tagliacozzo). E\u2019un dono dell\u2019Associazione Culturale \u201cLuigi Micalizio\u201d ai Comuni di Tagliacozzo e di Scurcola Marsicana. La medaglia \u00e8 divisa in due (vedi foto in Galleria). In una parte vi \u00e8 lo Stemma di Tagliacozzo, nell\u2019altra parte vi \u00e8 lo Stemma di Scurcola Marsicana. Ogni anno i due paesi succitati , in occasione della Rievocazione della Battaglia di Tagliacozzo ( avvenuta il 23 agosto 1268) , si riuniscono e le due met\u00e0 formano l\u2019intero della medaglia. Tutto ci\u00f2 in segno di pace che \u00e8, tra l\u2019altro, il motivo del Progetto Corradino.<\/li>\n<\/ul>\n<ul>\n<li>Il Gioco dell\u2019Oca o Gioco della Pace (vedi foto in Galleria) gi\u00e0 realizzato in cartaceo sar\u00e0 realizzato in forma \u201cvivente\u201d a Tagliacozzo o itinerante in diversi luoghi del nostro territorio.<\/li>\n<\/ul>\n<ul>\n<li>Costituzione Comitato Scientifico. Il giorno 6 settembre del 2016 \u00e8 avvenuto il primo incontro (vedi foto in Galleria) presso il Comune di Tagliacozzo alla presenza del Sindaco Sig. Vincenzo Giovagnorio, dell\u2019Ass.re alla Cultura dott. Chiara Nanni, del Sindaco Sig. Lorenzo Berardinetti, del Pres. Costantini e della Vice pres. Tacconi della Fondazione Federico II di Iesi, del dott. Emanuele Nicolini , del prof. Domenico Amicucci e della prof. Laura Micalizio ( Ambasciatrice della Fondazione e ideatrice del progetto Corradino). Si sono \u201cgettate le basi\u201d per la Costituzione del Comitato Scientifico inerente il Progetto Corradino di Svevia: \u201cAspettando il 2018\u201d in relazione alla ricorrenza del 750\u00b0 dalla Battaglia di Tagliacozzo. Tra le varie proposte la realizzazione del Premio Annuale \u201cCorradino di Svevia\u201d Tagliacozzo (nazionale e internazionale) e la dodicesima edizione del concorso, per le scuole di ogni ordine e grado, denominato \u201cCorradino di Svevia a scuola- Luigi Micalizio.<\/li>\n<\/ul>\n<ul>\n<li>Ipotesi di Annullo filatelico inerente il progetto Corradino. Contatti presi con la Direttrice delle Poste di L\u2019Aquila.<\/li>\n<\/ul>\n<ul>\n<li>Il dolce e magico mormorio delle mani : ipotesi di realizzazione del Dolce di Corradino (vedi itinerario) . Stand a Sante Marie lungo il Sentiero di Corradino.<\/li>\n<\/ul>\n<ul>\n<li>Traduzione in lingua tedesca del libro \u201cIl borgo di Corradino nel III millennio\u201d. Ristampa di alcune copie della versione in lingua italiana e inglese e di alcune copie del Gioco dell\u2019Oca.<\/li>\n<\/ul>\n<ul>\n<li>Scurcola Marsicana. Giorno 27 ottobre 2017 Riunione, presso il comune, finalizzata a determinare il Protocollo d\u2019Intesa e quindi a costituire il Comitato Scientifico con l\u2019obiettivo della realizzazione del Progetto Corradino: Aspettando il 2018. Presenti: il Sindaco Maria Olimpia Morgante, l\u2019Ass.re alla Cultura Fabio Mammarella, il Sindaco di Tagliacozzo Vincenzo Giovagnorio, il dott. Gianluca Rubeo, il prof. Leonardo Saviano, la dott. Romana Rubeo, l\u2019ass.re alla cultura di Magliano, l\u2019Architetto Lorenzo Fallocco e la prof. Laura Micalizio ideatrice del succitato progetto e Ambasciatrice della Fondazione Federico II di Svevia.<\/li>\n<\/ul>\n<ul>\n<li>Il progetto Corradino di Svevia: Aspettando il 2018 \u00e8 stato presentato, approvato e inserito, dal Collegio dei Docenti dell\u2019Istituto Onnicomprensivo Statale di Tagliacozzo,nel PON di Istituto nel giorno 30 ottobre 2017. Si proceder\u00e0, a breve, alla sua realizzazione avendo ricevuto la prof. Laura Micalizio la nomina di coordinatrice, responsabile e consulente esterna, del succitato progetto, da parte della Dirigente Patrizia Marziale. Referenti interni le docenti: Prof. Maria Gabriella Martignett e Prof. Antonella Di Cintio \u2013Istituto Economico Statale per il Turismo; Prof. Rosa Gaeta- Scuola Media Statale di Tagliacozzo.<\/li>\n<\/ul>\n<ul>\n<li>Gemellaggio con Siena in fase di avvio- Incontri con Dirigente Scolastico Istituto Bandini di Siena: dott. Alfredo Stefanelli.<\/li>\n<li>Progetto Doposcuola:\u201d Impari-amo in allegria\u201d \u00e8 stato presentato alla Dirigente Prof. Patrizia Marziale- Istituto Onnicomprensivo Statale di Tagliacozzo. Lo stesso progetto \u00e8 stato presentato ed accettato, giorno 6 novembre 2017, dalla presidenza delle Giornate Marsicane della Solidariet\u00e0 i cui responsabili sono : il Dott. Gino Milano e il dott. Angelo Gallese. Il progetto sar\u00e0 oggetto di un incontro-dibattito presso l\u2019Istituto Onnicomprensivo di Taglia cozzo o presso la Sala Consiliare del Comune di Tagliacozzo.<\/li>\n<\/ul>\n<h3 class=\"p1\" style=\"text-align: center;\"><span class=\"s1\"><b>Eventi realizzati<\/b> <b>nell\u2019anno 2018<\/b> nell\u2019ambito del Progetto Corradino<\/span><\/h3>\n<ul class=\"ul1\">\n<li class=\"li1\" style=\"text-align: left;\"><span class=\"s1\"><b>Gemellaggio<\/b> tra l\u2019Istituto Economico Statale per il Turismo<span class=\"Apple-converted-space\">\u00a0 <\/span>A.Argoli di <b>Tagliacozzo<\/b> con l\u2019Istituto Sallustio Bandini di <b>Siena<\/b>.<\/span><\/li>\n<li class=\"li1\" style=\"text-align: left;\"><span class=\"s1\"><b>Premio letterario \u201cCorradino di Svevia a scuola \u2013 Luigi Micalizio\u201d<\/b>.<\/span><\/li>\n<li class=\"li1\" style=\"text-align: left;\"><span class=\"s1\"><b>Il Gioco dell\u2019Oca \u2013 Il gioco di Corradino o della pace.<\/b><\/span><\/li>\n<li class=\"li1\" style=\"text-align: left;\"><span class=\"s1\"><b>La Mostra di tavole illustrate tratte dal libro \u201cIl Borgo di Corradino nel III Millennio di Laura Micalizio. La mostra si \u00e8 tenuta presso<span class=\"Apple-converted-space\">\u00a0 <\/span>il Comune di Tagliacozzo dal 21 agosto <span class=\"Apple-converted-space\">\u00a0 <\/span>al 26 agosto 2018 nell\u2019ambito del Festival di Mezza Estate<\/b>.<\/span><\/li>\n<li class=\"li1\" style=\"text-align: left;\"><span class=\"s1\"><b>Il Dolce di Corradino. <\/b>Progetto<b>: Il magico e dolce mormorio<\/b> delle mani. Il dolce \u00e8 stato realizzato <b>dall\u2019Antica Pasticceria<span class=\"Apple-converted-space\">\u00a0 <\/span>\u201cMarcello\u201d 1950 <\/b>e precisamente dal figlio<b> Giuseppe Chicarella.\u00a0<\/b><\/span><\/li>\n<li class=\"li1\" style=\"text-align: left;\"><span class=\"s1\"><b>Riproduzione della medaglia per il cerimoniale della pace <\/b>come da progetto Corradino.<b> <\/b>La realizzazione \u00e8 stata curata dal <b>Liceo Artistico di Avezzano ad opera del prof. G.Cipollone e dai suoi alunni.<\/b><\/span><\/li>\n<\/ul>\n<h2 style=\"text-align: center;\"><span class=\"s1\"><b>Porcellana con l\u2019immagine di Corradino realizzata dalla maestra signora Piera Palmerini.<br \/>&#8230;&#8230;&#8230;&#8230;&#8230;&#8230;&#8230;&#8230;&#8230;&#8230;&#8230;&#8230;&#8230;&#8230;&#8230;&#8230;&#8230;&#8230;&#8230;&#8230;&#8230;&#8230;&#8230;&#8230;&#8230;&#8230;&#8230;&#8230;&#8230;&#8230;&#8230;&#8230;&#8230;&#8230;&#8230;&#8230;&#8230;&#8230;&#8230;&#8230;&#8230;&#8230;&#8230;&#8230;&#8230;&#8230;&#8230;&#8230;&#8230;&#8230;&#8230;&#8230;&#8230;&#8230;&#8230;&#8230;&#8230;&#8230;&#8230;&#8230;&#8230;&#8230;&#8230;&#8230;&#8230;&#8230;&#8230;&#8230;..<\/b><\/span><\/h2>\n<h2 style=\"text-align: center;\"><b><\/b><span class=\"s1\"><span class=\"s1\"><b><br \/>L&#8217;IMPEGNO DI LAURA MICALIZIO PER TAGLIACOZZO<\/b><\/span><\/span><\/h2>\n<p>Con instancabile dedizione, la professoressa Laura Micalizio continua a intrecciare sogni, ricerca e passione, dando vita a iniziative che fanno di Tagliacozzo un crocevia di cultura e spiritualit\u00e0.<br data-start=\"611\" data-end=\"614\" \/>Attraverso progetti, eventi e collaborazioni, il suo impegno mantiene viva la meraviglia della conoscenza e la forza della memoria.<br data-start=\"745\" data-end=\"748\" \/>Gli articoli che seguono raccontano le tappe di questo percorso condiviso di crescita e bellezza.<\/p>\n<ul>\n<li id=\"_r_2_\" class=\"html-h3 x14z9mp xat24cr x1lziwak xexx8yu xyri2b x18d9i69 x1c1uobl x1vvkbs x1heor9g x1qlqyl8 x1pd3egz x1a2a7pz x1gslohp x1yc453h\"><span class=\"xt0psk2\"><span class=\"xjp7ctv\"><a class=\"x1i10hfl xjbqb8w x1ejq31n x18oe1m7 x1sy0etr xstzfhl x972fbf x10w94by x1qhh985 x14e42zd x9f619 x1ypdohk xt0psk2 x3ct3a4 xdj266r x14z9mp xat24cr x1lziwak xexx8yu xyri2b x18d9i69 x1c1uobl x16tdsg8 x1hl2dhg xggy1nq x1a2a7pz xkrqix3 x1sur9pj xzsf02u x1s688f\" tabindex=\"0\" role=\"link\" href=\"https:\/\/www.facebook.com\/share\/p\/1GdLWvnyzV\/\"><span class=\"html-span xdj266r x14z9mp xat24cr x1lziwak xexx8yu xyri2b x18d9i69 x1c1uobl x1hl2dhg x16tdsg8 x1vvkbs\">Centro Studi Medievali Internazionali &#8211; Tagliacozzo<\/span><\/a><\/span><\/span><\/li>\n<li class=\"html-h3 x14z9mp xat24cr x1lziwak xexx8yu xyri2b x18d9i69 x1c1uobl x1vvkbs x1heor9g x1qlqyl8 x1pd3egz x1a2a7pz x1gslohp x1yc453h\"><span class=\"xt0psk2\"><span class=\"xjp7ctv\"><a href=\"http:\/\/Il silenzio e la meraviglia della riscoperta dei valori, a Tagliacozzo \u201cSognare a occhi aperti\u201d https:\/\/marsicalive.it\/il-silenzio-e-la-meraviglia-della-riscoperta-dei-valori-a-tagliacozzo-sognare-a-occhi-aperti\/\" data-wplink-url-error=\"true\">Il silenzio e la meraviglia della riscoperta dei valori, a Tagliacozzo \u201cSognare a occhi aperti\u201d<\/a><\/span><\/span><\/li>\n<li><a href=\"https:\/\/marsicalive.it\/stupor-mundi-emozioni-e-cultura-nella-giornata-al-museo-dedicato-a-federico-ii-degli-studenti-dellistituto-argoli\/\">Stupor Mundi, emozioni e cultura nella giornata del Museo dedicato a Federico II degli studenti dell&#8217;Istituto Argoli<\/a><\/li>\n<li><a href=\"http:\/\/Tagliacozzo, grande dono d\u2019arte e fede al Convento di San Francesco    https:\/\/www.confinelive.it\/tagliacozzo-grande-dono-darte-e-fede-al-convento-di-san-francesco\/\" data-wplink-url-error=\"true\">Tagliacozzo grande dono d&#8217;arte e fede al Convento di San Francesco<\/a><a href=\"https:\/\/lauramicalizio.it\/wp-content\/uploads\/2025\/10\/WhatsApp-Image-2025-10-27-at-12.28.16-1.jpeg\"><img loading=\"lazy\" class=\"alignnone  wp-image-428\" src=\"https:\/\/lauramicalizio.it\/wp-content\/uploads\/2025\/10\/WhatsApp-Image-2025-10-27-at-12.28.16-1-225x300.jpeg\" alt=\"\" width=\"309\" height=\"412\" srcset=\"https:\/\/lauramicalizio.it\/wp-content\/uploads\/2025\/10\/WhatsApp-Image-2025-10-27-at-12.28.16-1-225x300.jpeg 225w, https:\/\/lauramicalizio.it\/wp-content\/uploads\/2025\/10\/WhatsApp-Image-2025-10-27-at-12.28.16-1-768x1024.jpeg 768w, https:\/\/lauramicalizio.it\/wp-content\/uploads\/2025\/10\/WhatsApp-Image-2025-10-27-at-12.28.16-1-1152x1536.jpeg 1152w, https:\/\/lauramicalizio.it\/wp-content\/uploads\/2025\/10\/WhatsApp-Image-2025-10-27-at-12.28.16-1.jpeg 1500w\" sizes=\"(max-width: 309px) 100vw, 309px\" \/><\/a> <a href=\"https:\/\/lauramicalizio.it\/wp-content\/uploads\/2025\/10\/WhatsApp-Image-2025-10-27-at-12.28.16.jpeg\"><img loading=\"lazy\" class=\"wp-image-429 alignnone\" src=\"https:\/\/lauramicalizio.it\/wp-content\/uploads\/2025\/10\/WhatsApp-Image-2025-10-27-at-12.28.16-300x225.jpeg\" alt=\"\" width=\"404\" height=\"303\" srcset=\"https:\/\/lauramicalizio.it\/wp-content\/uploads\/2025\/10\/WhatsApp-Image-2025-10-27-at-12.28.16-300x225.jpeg 300w, https:\/\/lauramicalizio.it\/wp-content\/uploads\/2025\/10\/WhatsApp-Image-2025-10-27-at-12.28.16-1024x768.jpeg 1024w, https:\/\/lauramicalizio.it\/wp-content\/uploads\/2025\/10\/WhatsApp-Image-2025-10-27-at-12.28.16-768x576.jpeg 768w, https:\/\/lauramicalizio.it\/wp-content\/uploads\/2025\/10\/WhatsApp-Image-2025-10-27-at-12.28.16-1536x1152.jpeg 1536w, https:\/\/lauramicalizio.it\/wp-content\/uploads\/2025\/10\/WhatsApp-Image-2025-10-27-at-12.28.16.jpeg 2000w\" sizes=\"(max-width: 404px) 100vw, 404px\" \/><\/a><\/li>\n<li><a href=\"https:\/\/site.it\/il-sogno-della-professoressa-laura-micalizio-continua\/\">Il sogno della professoressa Laura Micalizio continua<\/a><\/li>\n<li><a style=\"font-size: revert; font-family: -apple-system, BlinkMacSystemFont, 'Segoe UI', Roboto, Oxygen-Sans, Ubuntu, Cantarell, 'Helvetica Neue', sans-serif;\" href=\"https:\/\/www.site.it\/laura-micalizio-e-il-suo-libro-linnesto-la-chirurgia-plastica-e-il-suo-fondatore-gaspare-tagliacozzi\/\">L&#8217;Innesto Prima Parte<\/a><\/li>\n<li><a style=\"font-size: revert; font-family: -apple-system, BlinkMacSystemFont, 'Segoe UI', Roboto, Oxygen-Sans, Ubuntu, Cantarell, 'Helvetica Neue', sans-serif;\" href=\"https:\/\/www.site.it\/seconda-puntata-linnesto-la-chirurgia-plastica-e-il-suo-fondatore-di-laura-micalizio\/\">L&#8217;Innesto Seconda Parte<\/a><\/li>\n<li><a style=\"font-size: revert; font-family: -apple-system, BlinkMacSystemFont, 'Segoe UI', Roboto, Oxygen-Sans, Ubuntu, Cantarell, 'Helvetica Neue', sans-serif;\" href=\"https:\/\/www.site.it\/festival-di-mezza-estate-mario-romano-prototipo-del-musicista-moderno\/\">Mario Romano, prototipo del musicista moderno<\/a><\/li>\n<li><a style=\"font-size: revert; font-family: -apple-system, BlinkMacSystemFont, 'Segoe UI', Roboto, Oxygen-Sans, Ubuntu, Cantarell, 'Helvetica Neue', sans-serif;\" href=\"https:\/\/www.site.it\/tagliacozzo-riscopre-la-sua-musica-un-convegno-su-mario-romano-per-la-xxxvi-edizione-del-festival-internazionale-di-mezza-estate\/\">Un convegno su Mario Romano per la XXXVI edizione del Festival Internazionale di Mezza Estate<\/a><\/li>\n<li><a style=\"font-size: revert; font-family: -apple-system, BlinkMacSystemFont, 'Segoe UI', Roboto, Oxygen-Sans, Ubuntu, Cantarell, 'Helvetica Neue', sans-serif;\" href=\"https:\/\/www.site.it\/fiocchi-di-neve-il-sentiero-di-don-gaetano-tantalo-il-santo-della-marsica\/\">\u201cFiocchi di neve\u201d \u2013 Il sentiero di Don Gaetano Tantalo, il santo della Marsica<\/a><\/li>\n<li><a style=\"font-size: revert; font-family: -apple-system, BlinkMacSystemFont, 'Segoe UI', Roboto, Oxygen-Sans, Ubuntu, Cantarell, 'Helvetica Neue', sans-serif;\" href=\"https:\/\/www.site.it\/tagliacozzo-il-sogno-di-laura\/\">Tagliacozzo \u2013 Il sogno di Laura<\/a><\/li>\n<li><a style=\"font-size: revert; font-family: -apple-system, BlinkMacSystemFont, 'Segoe UI', Roboto, Oxygen-Sans, Ubuntu, Cantarell, 'Helvetica Neue', sans-serif;\" href=\"https:\/\/www.site.it\/dantedi-a-tagliacozzo-una-scommessa-da-portare-avanti-imparare-a-vivere-seguendo-i-passi-di-dante-alighieri\/\">Danted\u00ec a Tagliacozzo, una scommessa da portare avanti \u2013 Imparare a vivere seguendo i \u201cpassi\u201d di Dante Alighieri.<\/a><\/li>\n<li><a href=\"https:\/\/www.confinelive.it\/corradino-di-svevia-tra-storia-e-mito-a-jesi-talk-di-alto-profilo-con-laura-micalizio-ed-i-sindaci-del-territorio\/\">Corradino di Svevia tra storia e mito: a Jesi talk di alto profilo con Laura Micalizio ed i sindaci del territorio<\/a><\/li>\n<li>\n<p class=\"single-post-title\"><a href=\"https:\/\/www.confinelive.it\/tagliacozzo-donato-prestigioso-dipinto-per-le-celebrazioni-in-memoria-di-petronilla-paolini-massimi\/\"><span class=\"post-title\">Tagliacozzo, donato prestigioso dipinto per le celebrazioni in memoria di Petronilla Paolini Massimi<\/span><\/a><\/p>\n<\/li>\n<\/ul>\n\n\n<figure class=\"wp-container-2 wp-block-gallery-1 wp-block-gallery has-nested-images columns-default is-cropped\">\n<figure class=\"wp-block-image size-large\"><a href=\"https:\/\/lauramicalizio.it\/wp-content\/uploads\/2026\/03\/Screenshot-2026-03-18-alle-18.57.43.png\"><img loading=\"lazy\" width=\"1024\" height=\"895\" data-id=\"438\"  src=\"https:\/\/lauramicalizio.it\/wp-content\/uploads\/2026\/03\/Screenshot-2026-03-18-alle-18.57.43-1024x895.png\" alt=\"\" class=\"wp-image-438\" srcset=\"https:\/\/lauramicalizio.it\/wp-content\/uploads\/2026\/03\/Screenshot-2026-03-18-alle-18.57.43-1024x895.png 1024w, https:\/\/lauramicalizio.it\/wp-content\/uploads\/2026\/03\/Screenshot-2026-03-18-alle-18.57.43-300x262.png 300w, https:\/\/lauramicalizio.it\/wp-content\/uploads\/2026\/03\/Screenshot-2026-03-18-alle-18.57.43-768x671.png 768w, https:\/\/lauramicalizio.it\/wp-content\/uploads\/2026\/03\/Screenshot-2026-03-18-alle-18.57.43.png 1348w\" sizes=\"(max-width: 1024px) 100vw, 1024px\" \/><\/a><\/figure>\n\n\n\n<figure class=\"wp-block-image size-large\"><a href=\"https:\/\/lauramicalizio.it\/wp-content\/uploads\/2026\/03\/Screenshot-2026-03-18-alle-18.57.29.png\"><img loading=\"lazy\" width=\"1024\" height=\"618\" data-id=\"439\"  src=\"https:\/\/lauramicalizio.it\/wp-content\/uploads\/2026\/03\/Screenshot-2026-03-18-alle-18.57.29-1024x618.png\" alt=\"\" class=\"wp-image-439\" srcset=\"https:\/\/lauramicalizio.it\/wp-content\/uploads\/2026\/03\/Screenshot-2026-03-18-alle-18.57.29-1024x618.png 1024w, https:\/\/lauramicalizio.it\/wp-content\/uploads\/2026\/03\/Screenshot-2026-03-18-alle-18.57.29-300x181.png 300w, https:\/\/lauramicalizio.it\/wp-content\/uploads\/2026\/03\/Screenshot-2026-03-18-alle-18.57.29-768x463.png 768w, https:\/\/lauramicalizio.it\/wp-content\/uploads\/2026\/03\/Screenshot-2026-03-18-alle-18.57.29.png 1310w\" sizes=\"(max-width: 1024px) 100vw, 1024px\" \/><\/a><\/figure>\n<\/figure>\n","protected":false},"excerpt":{"rendered":"<p>&#8220;IL PROGETTO CORRADINO&#8221; DI LAURA MICALIZIO: UN MAGICO FILO CONDUTTORE CHE COLLEGA PROGETTI, FOTO, PUBBLICAZIONI, ARTICOLI DI GIORNALE&#8230; UN MERAVIGLIOSO VIAGGIO DAL PASSATO AL PRESENTE&#8230; Itinerario dal 1994 ad oggi del: \u201cProgetto Corradino\u201d della prof. Laura Micalizio Tagliacozzo Repertorio Siae n 9803078 &#8212;&#8212;- Convegno 1994 Relatori: Prof. Leonardo Saviano \u2013 Universit\u00e0 Federico II di Napoli e Storico del Principato di Monaco. Prof. Aurelio Prete Pres. Accademia Internazionale Burckhardt. Ambasciatore dell\u2019Honduras presso la Santa Sede. Personalit\u00e0 del mondo della cultura e delle istituzioni. Documenti e foto (vedi Galleria) &#8212;&#8212;&#8212;- Creazione medaglia in argento (anno 1994) Con incisione stemmi di Tagliacozzo e Scurcola Marsicana La medaglia (progetto di Laura Micalizio) \u00e8 depositata presso i comuni di Scurcola Marsicana e Tagliacozzo (vedi foto in galleria) E\u2019 un dono dell\u2019 Associazione Culturale \u201cTagliacozzo-Luigi Micalizio\u201d Rito della medaglia Ogni anno avviene l\u2019incontro dei due paesi in segno di pace. Le due medaglie divise si riuniscono. Documenti\u00a0 e foto ( vedi Galleria) &#8212;&#8212;&#8212;- Presentazione Tesi di Laurea ( anno 1994) :Restauro architettonico \u2013 Castello di Scurcola MarsicanaRelatrice:\u00a0 Dott. Loretta Salciccia Documenti: Libro e foto &#8212;&#8212; Pubblicazione del libro : \u201cIl borgo di Corradino nel III millennio\u201d di Laura Micalizio Versione in lingua italiana e in inglese&#8230;<\/p>\n","protected":false},"author":1,"featured_media":0,"parent":0,"menu_order":0,"comment_status":"closed","ping_status":"closed","template":"","meta":[],"_links":{"self":[{"href":"https:\/\/lauramicalizio.it\/index.php\/wp-json\/wp\/v2\/pages\/264"}],"collection":[{"href":"https:\/\/lauramicalizio.it\/index.php\/wp-json\/wp\/v2\/pages"}],"about":[{"href":"https:\/\/lauramicalizio.it\/index.php\/wp-json\/wp\/v2\/types\/page"}],"author":[{"embeddable":true,"href":"https:\/\/lauramicalizio.it\/index.php\/wp-json\/wp\/v2\/users\/1"}],"replies":[{"embeddable":true,"href":"https:\/\/lauramicalizio.it\/index.php\/wp-json\/wp\/v2\/comments?post=264"}],"version-history":[{"count":25,"href":"https:\/\/lauramicalizio.it\/index.php\/wp-json\/wp\/v2\/pages\/264\/revisions"}],"predecessor-version":[{"id":440,"href":"https:\/\/lauramicalizio.it\/index.php\/wp-json\/wp\/v2\/pages\/264\/revisions\/440"}],"wp:attachment":[{"href":"https:\/\/lauramicalizio.it\/index.php\/wp-json\/wp\/v2\/media?parent=264"}],"curies":[{"name":"wp","href":"https:\/\/api.w.org\/{rel}","templated":true}]}}