{"id":115,"date":"2016-03-02T15:06:55","date_gmt":"2016-03-02T15:06:55","guid":{"rendered":"http:\/\/lauramicalizio.it\/?page_id=115"},"modified":"2018-10-16T10:24:03","modified_gmt":"2018-10-16T10:24:03","slug":"materiale-in-bacheca","status":"publish","type":"page","link":"https:\/\/lauramicalizio.it\/index.php\/materiale-in-bacheca\/","title":{"rendered":"Lungo il Sentiero Corradino"},"content":{"rendered":"<p class=\"p1\"><span class=\"s1\">Le frazioni attraversate dal <b>Sentiero Corradino<\/b> in cui sono presenti le tabelle con annessa la storia di Corradino tratte dal libro<\/span><\/p>\n<p class=\"p1\"><span class=\"s1\"><b>\u201cIl Borgo di Corradino nel III Millennio\u201d:<\/b><\/span><\/p>\n<p class=\"p1\"><span class=\"s1\"><b>Sante Marie &#8211; Castelvecchio &#8211; San Giovanni<span class=\"Apple-converted-space\">\u00a0 <\/span>&#8211; Santo Stefano &#8211;<span class=\"Apple-converted-space\">\u00a0 <\/span>Scanzano \u2013 Tubione \u2013 Val de\u2019 Varri<\/b><\/span><\/p>\n<p class=\"p1\" style=\"text-align: left;\">In questa sezione \u00e8 stato raccolto tutto il materiale, testi ed immagini, presente nelle bacheche dei paesi che si trovano lungo<\/p>\n<p class=\"p1\" style=\"text-align: left;\">il <strong>Sentiero<\/strong><strong style=\"line-height: 1.5;\">\u00a0Corradino:\u00a0<\/strong><span class=\"s1\"><b>idea-progetto della professoressa Laura Micalizio<\/b>. Il sentiero, gi\u00e0 tracciato nelle montagne abruzzesi, \u00e8 nato con la finalit\u00e0 di trasmettere ai giovani la pace e di avviare, principalmente, il <b>progetto<\/b> <b>\u201cTurismo Religioso\u201d<\/b> sempre della professoressa Micalizio, che partir\u00e0 dalla Marsica per coinvolgere regioni nazionali e internazionali.<\/span><\/p>\n<p class=\"p1\" style=\"text-align: left;\"><a href=\"https:\/\/lauramicalizio.it\/wp-content\/uploads\/2016\/03\/tagliacozzo.jpeg\"><img loading=\"lazy\" class=\"size-medium wp-image-204 alignleft\" src=\"https:\/\/lauramicalizio.it\/wp-content\/uploads\/2016\/03\/tagliacozzo-140x300.jpeg\" alt=\"tagliacozzo\" width=\"140\" height=\"300\" srcset=\"https:\/\/lauramicalizio.it\/wp-content\/uploads\/2016\/03\/tagliacozzo-140x300.jpeg 140w, https:\/\/lauramicalizio.it\/wp-content\/uploads\/2016\/03\/tagliacozzo-478x1024.jpeg 478w, https:\/\/lauramicalizio.it\/wp-content\/uploads\/2016\/03\/tagliacozzo.jpeg 1130w\" sizes=\"(max-width: 140px) 100vw, 140px\" \/><\/a><span class=\"s1\"><a href=\"https:\/\/lauramicalizio.it\/wp-content\/uploads\/2016\/03\/tagliacozzo5-e1465051620594.jpeg\"><img loading=\"lazy\" class=\"size-medium wp-image-209 alignleft\" src=\"https:\/\/lauramicalizio.it\/wp-content\/uploads\/2016\/03\/tagliacozzo5-e1465051620594-300x210.jpeg\" alt=\"tagliacozzo5\" width=\"300\" height=\"210\" srcset=\"https:\/\/lauramicalizio.it\/wp-content\/uploads\/2016\/03\/tagliacozzo5-e1465051620594-300x210.jpeg 300w, https:\/\/lauramicalizio.it\/wp-content\/uploads\/2016\/03\/tagliacozzo5-e1465051620594.jpeg 863w\" sizes=\"(max-width: 300px) 100vw, 300px\" \/><\/a><a href=\"https:\/\/lauramicalizio.it\/wp-content\/uploads\/2016\/03\/tagliacozzo3.jpeg\"><img loading=\"lazy\" class=\"size-medium wp-image-207 alignright\" src=\"https:\/\/lauramicalizio.it\/wp-content\/uploads\/2016\/03\/tagliacozzo3-289x300.jpeg\" alt=\"tagliacozzo3\" width=\"289\" height=\"300\" srcset=\"https:\/\/lauramicalizio.it\/wp-content\/uploads\/2016\/03\/tagliacozzo3-289x300.jpeg 289w, https:\/\/lauramicalizio.it\/wp-content\/uploads\/2016\/03\/tagliacozzo3-987x1024.jpeg 987w, https:\/\/lauramicalizio.it\/wp-content\/uploads\/2016\/03\/tagliacozzo3.jpeg 1164w\" sizes=\"(max-width: 289px) 100vw, 289px\" \/><\/a><\/span><\/p>\n<p class=\"p1\" style=\"text-align: left;\"><span class=\"s1\">Alla professoressa appartiene, inoltre, il brevetto della ricetta di un dolce denominato \u201c<b>La torta di Corradino\u201d<\/b>creato<b> <\/b>con la finalit\u00e0 di incentivare la produzione di prodotti locali e di favorire la nascita di piccole imprese. Il dolce potr\u00e0 essere inserito nei mercatini e in qualsiasi attivit\u00e0 commerciale soprattutto nella ricorrenza della <b>Battaglia di Tagliacozzo. <\/b>Il progetto, inerente la creazione del dolce, \u00e8 stato presentato nell\u2019ambito dell\u2019Associazione Pari opportunit\u00e0 del Comune di Sante Marie ed \u00e8 denominato <b>\u201cIl magico e dolce mormorio delle mani\u201d<\/b>. L\u2019idea nasce da una ricerca effettuata nella localit\u00e0 di Castelvecchio di Sante Marie dove si narra che, qui, il principe svevo Corradino si ferm\u00f2 durante la sua fuga dai Piani Palentini e che alcune contadine offrirono a lui, ed ai cavalieri che lo accompagnavano, del vino, del miele, della frutta secca e \u2026 una Torta che piacque moltissimo all\u2019ultimo rampollo della casa sveva. Da notare che tra gli ingredienti di questo squisito dolce vi \u00e8 la farina di castagne, prodotta dalle castagne che hanno origine nei castagneti intorno a Sante Marie.<\/span><\/p>\n<p class=\"p1\" style=\"text-align: left;\"><a style=\"line-height: 1.5;\" href=\"https:\/\/lauramicalizio.it\/wp-content\/uploads\/2015\/10\/SDC10838.jpg\"><img loading=\"lazy\" class=\"alignnone size-medium wp-image-112\" src=\"https:\/\/lauramicalizio.it\/wp-content\/uploads\/2015\/10\/SDC10838-225x300.jpg\" alt=\"SDC10838\" width=\"225\" height=\"300\" srcset=\"https:\/\/lauramicalizio.it\/wp-content\/uploads\/2015\/10\/SDC10838-225x300.jpg 225w, https:\/\/lauramicalizio.it\/wp-content\/uploads\/2015\/10\/SDC10838-768x1024.jpg 768w\" sizes=\"(max-width: 225px) 100vw, 225px\" \/><\/a><a style=\"line-height: 1.5;\" href=\"https:\/\/lauramicalizio.it\/wp-content\/uploads\/2016\/03\/corradino.jpeg\"><img loading=\"lazy\" class=\"alignnone size-medium wp-image-138\" src=\"https:\/\/lauramicalizio.it\/wp-content\/uploads\/2016\/03\/corradino-141x300.jpeg\" alt=\"corradino\" width=\"141\" height=\"300\" srcset=\"https:\/\/lauramicalizio.it\/wp-content\/uploads\/2016\/03\/corradino-141x300.jpeg 141w, https:\/\/lauramicalizio.it\/wp-content\/uploads\/2016\/03\/corradino-482x1024.jpeg 482w, https:\/\/lauramicalizio.it\/wp-content\/uploads\/2016\/03\/corradino.jpeg 1635w\" sizes=\"(max-width: 141px) 100vw, 141px\" \/><\/a><a style=\"line-height: 1.5;\" href=\"https:\/\/lauramicalizio.it\/wp-content\/uploads\/2016\/03\/corradino1.jpeg\"><img loading=\"lazy\" class=\"alignnone size-medium wp-image-139\" src=\"https:\/\/lauramicalizio.it\/wp-content\/uploads\/2016\/03\/corradino1-187x300.jpeg\" alt=\"corradino1\" width=\"187\" height=\"300\" srcset=\"https:\/\/lauramicalizio.it\/wp-content\/uploads\/2016\/03\/corradino1-187x300.jpeg 187w, https:\/\/lauramicalizio.it\/wp-content\/uploads\/2016\/03\/corradino1-639x1024.jpeg 639w, https:\/\/lauramicalizio.it\/wp-content\/uploads\/2016\/03\/corradino1.jpeg 1820w\" sizes=\"(max-width: 187px) 100vw, 187px\" \/><\/a><\/p>\n<p class=\"p1\"><a href=\"https:\/\/lauramicalizio.it\/wp-content\/uploads\/2016\/03\/corradino1-1.jpeg\"><img loading=\"lazy\" class=\"size-medium wp-image-140 alignleft\" src=\"https:\/\/lauramicalizio.it\/wp-content\/uploads\/2016\/03\/corradino1-1-136x300.jpeg\" alt=\"corradino1 1\" width=\"136\" height=\"300\" srcset=\"https:\/\/lauramicalizio.it\/wp-content\/uploads\/2016\/03\/corradino1-1-136x300.jpeg 136w, https:\/\/lauramicalizio.it\/wp-content\/uploads\/2016\/03\/corradino1-1-466x1024.jpeg 466w, https:\/\/lauramicalizio.it\/wp-content\/uploads\/2016\/03\/corradino1-1.jpeg 866w\" sizes=\"(max-width: 136px) 100vw, 136px\" \/><\/a>\u00a0 \u00a0 \u00a0Sosta, o viandante, tra questi boschi che protessero, la fuga del giovane Corradino di Svevia.<\/p>\n<p class=\"p1\">Essi udirono il serrato galoppo del suo cavallo, lessero lo sgomento nei suoi occhi, tremarono alle concitate grida che disperavano ormai della salvezza.<\/p>\n<p class=\"p1\">\u201c\u2026Corradino et il duca d\u2019Austria meschini giovani<\/p>\n<p class=\"p1\">accompagnati da Galvano Lancia e Galeotto suo figliolo,<\/p>\n<p class=\"p1\">et uno scudiero, vestiti in abiti di asinari, avendo<\/p>\n<p class=\"p1\">errato per tre d\u00ec per li boschi\u2026\u201d (Pandolfo Collenuccio)<\/p>\n<p class=\"p1\">Fuggendo provava il Disonore della sconfitta, l\u2019Amarezza della solitudine, la Nostalgia della sua terra sveva e, pur lontano, sentiva il pianto della madre che, sola, fino all\u2019ultimo lo aveva distolto da quella impresa troppo ardua per la sua giovane et\u00e0.<\/p>\n<p class=\"p1\">\u201c\u2026 sul Reno natio era un castello,<\/p>\n<p class=\"p1\">e sul freddo verone \u00a0era una madre,<\/p>\n<p class=\"p1\">che lacrimava nell\u2019attesa amara\u2026&#8221;<\/p>\n<p>&nbsp;<\/p>\n<p class=\"p1\"><a href=\"https:\/\/lauramicalizio.it\/wp-content\/uploads\/2016\/03\/corradino5.jpeg\"><img loading=\"lazy\" class=\"size-medium wp-image-142 alignleft\" src=\"https:\/\/lauramicalizio.it\/wp-content\/uploads\/2016\/03\/corradino5-300x295.jpeg\" alt=\"corradino5\" width=\"300\" height=\"295\" srcset=\"https:\/\/lauramicalizio.it\/wp-content\/uploads\/2016\/03\/corradino5-300x295.jpeg 300w, https:\/\/lauramicalizio.it\/wp-content\/uploads\/2016\/03\/corradino5-1024x1007.jpeg 1024w, https:\/\/lauramicalizio.it\/wp-content\/uploads\/2016\/03\/corradino5.jpeg 2037w\" sizes=\"(max-width: 300px) 100vw, 300px\" \/><\/a><\/p>\n<p class=\"p1\">Era la sera del 23 agosto 1268.<\/p>\n<p class=\"p1\">Il principe svevo, fuggendo, si lasciava alle spalle i Piani Palentini, dove si era combattuta nel corso della giornata una cruenta battaglia che la storia ricorda<span class=\"s1\"> come \u201cLa battaglia di Tagliacozzo\u201d, cos\u00ec violenta da arrossare, si dice, del sangue dei morti le acque del fiume Imele che tali campi attraversava.<\/span><\/p>\n<p class=\"p3\">Lo stesso Carlo D\u2019Angi\u00f2 al termine della battaglia scrisse:\u201d Fu fatta s\u00ec grande strage di nemici che quella avvenuta nel campo di Benevento, in confronto della odierna pu\u00f2 ritenersi molto modesta\u201d. Infatti proprio nella pianura che si estende tra gli attuali comuni di Magliano dei Marsi e di Scurcola Marsicana l\u2019esercito angioino aveva sterminato e sconfitto l\u2019esercito svevo di Corradino che in seguito a tale disfatta vide dileguarsi per sempre ogni speranza di riappropriarsi, quale legittimo erede degli svevi, del Regno di Sicilia.<\/p>\n<p class=\"p3\">La fortuna gli era stata avversa e l\u2019astuzia del vecchio Aleard de Valery lo aveva destinato a perdere il regno a Tagliacozzo e la vita a Napoli sul patibolo.<\/p>\n<p class=\"p3\">Cos\u00ec i famosi versi di Dante \u00a0 \u00a0 \u00a0 \u00a0 \u00a0 \u00a0 \u00a0 \u00a0 \u00a0 \u00a0 \u00a0 \u00a0 \u00a0 \u00a0 \u00a0 \u00a0\u00a0<strong>\u00a0\u201c\u2026 e l\u00e0 da Tagliacozzo<\/strong><\/p>\n<p class=\"p3\"><strong>\u00a0 \u00a0 \u00a0 \u00a0 \u00a0 \u00a0 \u00a0 \u00a0 \u00a0 \u00a0 \u00a0 \u00a0 \u00a0 \u00a0 \u00a0 \u00a0 \u00a0 \u00a0 \u00a0 \u00a0 \u00a0 \u00a0 \u00a0 \u00a0 \u00a0 \u00a0 \u00a0 \u00a0 \u00a0 \u00a0 \u00a0 \u00a0 \u00a0 \u00a0 \u00a0 \u00a0 \u00a0 \u00a0 \u00a0 \u00a0 \u00a0 \u00a0ove senz\u2019arme vinse il vecchio Alardo\u201d.<\/strong><\/p>\n<p>&nbsp;<\/p>\n<p class=\"p3\" style=\"text-align: center;\"><a href=\"https:\/\/lauramicalizio.it\/wp-content\/uploads\/2016\/03\/corradino5-1.jpeg\"><img loading=\"lazy\" class=\"size-medium wp-image-143 alignleft\" src=\"https:\/\/lauramicalizio.it\/wp-content\/uploads\/2016\/03\/corradino5-1-156x300.jpeg\" alt=\"corradino5 1\" width=\"156\" height=\"300\" srcset=\"https:\/\/lauramicalizio.it\/wp-content\/uploads\/2016\/03\/corradino5-1-156x300.jpeg 156w, https:\/\/lauramicalizio.it\/wp-content\/uploads\/2016\/03\/corradino5-1-532x1024.jpeg 532w, https:\/\/lauramicalizio.it\/wp-content\/uploads\/2016\/03\/corradino5-1.jpeg 1080w\" sizes=\"(max-width: 156px) 100vw, 156px\" \/><\/a><\/p>\n<p class=\"p3\">Corradino, duca di Svevia e ultimo degli Hohenstaufen, nipote di Federico II, figlio di Corrado IV e di Elisabetta di Baviera era, deceduti o prigionieri gli altri discendenti di Federico II, l\u2019ultimo erede del regno di Sicilia, di cui ormai era Re Carlo D\u2019Angi\u00f2 ricevutane l\u2019investitura dal Papa Clemente IV.<\/p>\n<p class=\"p4\">Federico II- &#8212;&#8212;&#8212;&#8212;&#8212; Iolanda di Brienne<\/p>\n<p class=\"p3\">\u00a0 \u00a0 \u00a0 \u00a0 \u00a0 \u00a0 \u00a0 \u00a0 \u00a0 \u00a0 \u00a0 \u00a0 \u00a0 \u00a0 \u00a0 \u00a0 \u00a0 \u00a0Corrado IV &#8212;&#8212;&#8212;&#8212;&#8212;- \u00a0Elisabetta di Baviera<\/p>\n<p class=\"p3\">Corradino<\/p>\n<p class=\"p3\">La sua impresa per la riconquista dell\u2019avito Regno fu fortemente voluta da uomini e citt\u00e0 di parte ghibellina desiderosi di liberare l\u2019Italia dal pesante gioco guelfo che si era esteso su quasi tutta la penisola in seguito alla vittoria di Carlo D\u2019Angi\u00f2 \u00a0su Manfredi.<\/p>\n<p class=\"p3\">\u201cAmbasciatori delle citt\u00e0 imperiali di Pisa, Verona, Siena, Lucera, Palermo ed altre e personalit\u00e0 ghibelline, tra le quali i marchesi Galvano e Gaetano Lancia, i fratelli Corrado e Marino Capace di Napoli giunsero a lui dall\u2019Italia, gli offrirono doni, lo salutarono Re di Napoli e Imperatore e lo sollecitarono alla riconquista del Regno avito promettendogli collaborazione ed aiuti\u201d. (Corradino di Svevia. Loreto Severino)<\/p>\n<p class=\"p3\">Al \u00a0loro invito si aggiunse anche quello di Arrigo di Castiglia, senatore di Roma e giovane ardimentoso. Egli aveva cos\u00ec in odio Carlo D\u2019Angi\u00f2 da soler dire:<\/p>\n<p class=\"p3\">\u00a0 \u00a0 \u00a0 \u00a0 \u00a0 \u00a0 \u00a0 \u00a0 \u00a0 \u00a0 \u00a0 \u00a0 \u00a0 \u00a0 \u00a0 \u00a0 \u00a0 \u00a0 \u00a0 \u201cPer lo cor di Dio o el mi matr\u00e0 o io il \u00a0matr\u00f2\u201d.<\/p>\n<p class=\"p3\">(Giovanni Villani)<\/p>\n<p>&nbsp;<\/p>\n<p class=\"p3\"><a href=\"https:\/\/lauramicalizio.it\/wp-content\/uploads\/2016\/03\/corradino5-2.jpeg\"><img loading=\"lazy\" class=\"size-medium wp-image-151 alignright\" src=\"https:\/\/lauramicalizio.it\/wp-content\/uploads\/2016\/03\/corradino5-2-300x269.jpeg\" alt=\"corradino5 2\" width=\"300\" height=\"269\" srcset=\"https:\/\/lauramicalizio.it\/wp-content\/uploads\/2016\/03\/corradino5-2-300x269.jpeg 300w, https:\/\/lauramicalizio.it\/wp-content\/uploads\/2016\/03\/corradino5-2-1024x919.jpeg 1024w\" sizes=\"(max-width: 300px) 100vw, 300px\" \/><\/a><\/p>\n<p class=\"p3\">La volont\u00e0 di riscattare la terra degli avi, l\u2019orgoglio di misurarsi in armi con chi aveva osato sfidare le sveve virt\u00f9 belliche; il desiderio di potere e la consapevolezza di dover tenere alto l\u2019onore degli Hohenstaufen lo avevano spinto a lasciare le tranquille cacce col falcone nella natia Svevia per avventurarsi in una ardua impresa bellica e capire anzitempo quanto il cuore dell\u2019uomo \u00e8 mutevole per avidit\u00e0 e pronto al tradimento.<\/p>\n<p class=\"p3\">\u201cErmo, bruno, sinistro evvi un castello,<\/p>\n<p class=\"p3\">Ivi pare di sangue in colorata<\/p>\n<p class=\"p3\">L\u2019onda che sempre ne corrode il fondo,<\/p>\n<p class=\"p3\">poi che una sera sul perfido ponte,<\/p>\n<p class=\"p3\">a consumare un\u2019opera di sangue,<\/p>\n<p class=\"p3\">in sembianza di blando ospite stette<\/p>\n<p class=\"p3\">il tradimento.<\/p>\n<p class=\"p3\">\u00a0 \u00a0 \u00a0 \u00a0 \u00a0 \u00a0 \u00a0 \u00a0 \u00a0Vuoi saperne il nome?<\/p>\n<p class=\"p3\">E\u2019 il castello di Astura<\/p>\n<p class=\"p3\">(Aleardo Aleardi)<\/p>\n<p>&nbsp;<\/p>\n<p class=\"p3\"><a href=\"https:\/\/lauramicalizio.it\/wp-content\/uploads\/2016\/03\/corradino5-4.jpeg\"><img loading=\"lazy\" class=\"size-medium wp-image-156 alignleft\" src=\"https:\/\/lauramicalizio.it\/wp-content\/uploads\/2016\/03\/corradino5-4-243x300.jpeg\" alt=\"corradino5 4\" width=\"243\" height=\"300\" srcset=\"https:\/\/lauramicalizio.it\/wp-content\/uploads\/2016\/03\/corradino5-4-243x300.jpeg 243w, https:\/\/lauramicalizio.it\/wp-content\/uploads\/2016\/03\/corradino5-4-829x1024.jpeg 829w, https:\/\/lauramicalizio.it\/wp-content\/uploads\/2016\/03\/corradino5-4.jpeg 870w\" sizes=\"(max-width: 243px) 100vw, 243px\" \/><\/a>Ecco cosa dice di lui lo storico moderno Felice Cianani:<\/p>\n<p class=\"p3\">\u201cIl giovane nel quale i ghibellini riponevano tutte le loro speranze aveva appena superato l\u2019et\u00e0 della fanciullezza e compiuto il quindicesimo anno: alla leggiadria della persona, dote di tutta al sua stirpe, e specialmente \u00a0cospicua per alta statura e chioma bionda profusa, Corradino aggiungeva ingegno pronto, elevato sentire, costumi liberali e gentili. Le crudeli vicende che egli aveva viste attraversare dalla sua casa avevano formato il suo carattere e conferito alla sua mente una perspicacia ed un giudizio di molto superiore ai suoi anni\u201d. (Storia politica d\u2019Italia)<\/p>\n<p class=\"p3\">Il Gregorovius:<\/p>\n<p class=\"p3\">\u201cEra venuto crescendo nelle terre bavaresi nutrendo il suo spirito dei canti del suo paese e di immagini seducenti di eroismi, di opere grandi e della caduta della sua casa\u201d.<\/p>\n<p class=\"p3\">\u201c\u2026\u2026\u2026\u2026\u2026\u2026\u2026\u2026\u2026\u2026\u2026\u2026 Un giovinetto<\/p>\n<p class=\"p3\">pallido e bello, con la chioma d\u2019oro,<\/p>\n<p class=\"p3\">con la pupilla del color del mare\u2026<\/p>\n<p class=\"p3\">(Aleardo Aleardi)<\/p>\n<p>&nbsp;<\/p>\n<p class=\"p3\">Era la fine di settembre d<img loading=\"lazy\" class=\"size-medium wp-image-153 alignleft\" src=\"https:\/\/lauramicalizio.it\/wp-content\/uploads\/2016\/03\/corradino5-3-300x257.jpeg\" alt=\"corradino5 3\" width=\"300\" height=\"257\" srcset=\"https:\/\/lauramicalizio.it\/wp-content\/uploads\/2016\/03\/corradino5-3-300x257.jpeg 300w, https:\/\/lauramicalizio.it\/wp-content\/uploads\/2016\/03\/corradino5-3-1024x878.jpeg 1024w\" sizes=\"(max-width: 300px) 100vw, 300px\" \/>el 1267 quando il giovane Corradino si mosse con un forte esercito verso l\u2019Italia.<\/p>\n<p class=\"p3\">Attraversando il Tirolo da Bolzano il 4 ottobre invi\u00f2 al podest\u00e0 e al popolo di Pavia, citt\u00e0 ghibellina fedelissima, una lettera in cui si diceva pronto a combattere Carlo D\u2019Angi\u00f2 per riavere il Regno di Sicilia, terra dei suoi avi. Era convinto di sconfiggerlo.<\/p>\n<p class=\"p3\">\u201cNon dubitiamo di abbatterlo in modo tale da non consentirgli\u00a0mai pi\u00f9 di risollevarsi\u201d.<\/p>\n<p class=\"p3\">Era convinto di restituire la Pace a tutta l\u2019Italia.<\/p>\n<p class=\"p3\">Per tutta l\u2019Itali faremo pace e concordia generale\u201d.<\/p>\n<p class=\"p3\">Raggiunta Verona vi sost\u00f2 tre mesi raccogliendo sotto le sue insegne tutti i ghibellini di gran parte d\u2019Italia.<\/p>\n<p class=\"p3\">Da Verona raggiunse Pavia mentre il Papa Clemente IV \u00a0tentava invano di opporsi allo sviluppo dell\u2019impresa e di arrestarne l\u2019avanzata.<\/p>\n<p class=\"p3\">Chiamava Carlo D\u2019Angi\u00f2 \u201ccarissimo in Cristo filio\u201d mentre scomunicava Arrigo di Castiglia, dichiarava Corradino decaduto da tutti i titoli, onori e dignit\u00e0 e ricolmava di benedizioni e indulgenze tutti quelli che prendevano le armi contro Corradino in difesa della Chiesa.<\/p>\n<p class=\"p3\">Corradino per questa era il discendente degenere di quei \u201csuperbi imperatori\u201d che avevano tentato di sottrarre il potere civile a quello religioso.<\/p>\n<p class=\"p3\">Lo svevo intanto si spostava da Pavia a Pisa ove il 7 aprile fu acclamato solennemente e festosamente. A Pisa lo raggiunse la scomunica di Clemente IV che lo defin\u00ec \u201cpiccolo sorcio di dannata stirpe e figlio della perdizione\u201d.<\/p>\n<p class=\"p3\">Ma la scomunica non scosse il giovanissimo guerriero, la cui stirpe si era abituata agli anatemi spirituali come ad una \u201cdotazione ereditaria\u201d<\/p>\n<p class=\"p3\">\u201c\u2026 ma la bont\u00e0 infinita ha s\u00ec gran braccia<\/p>\n<p class=\"p3\">che prende ci\u00f2 che si rivolge a lei\u201d.<\/p>\n<p>&nbsp;<\/p>\n<p>&nbsp;<\/p>\n<p class=\"p3\"><a href=\"https:\/\/lauramicalizio.it\/wp-content\/uploads\/2016\/03\/corradino5-5.jpeg\"><img loading=\"lazy\" class=\"size-medium wp-image-157 alignleft\" src=\"https:\/\/lauramicalizio.it\/wp-content\/uploads\/2016\/03\/corradino5-5-300x289.jpeg\" alt=\"corradino5 5\" width=\"300\" height=\"289\" srcset=\"https:\/\/lauramicalizio.it\/wp-content\/uploads\/2016\/03\/corradino5-5-300x289.jpeg 300w, https:\/\/lauramicalizio.it\/wp-content\/uploads\/2016\/03\/corradino5-5-1024x988.jpeg 1024w\" sizes=\"(max-width: 300px) 100vw, 300px\" \/><\/a>Il 24 luglio da Ponte S. Angelo Corradino entrava a Roma.<\/p>\n<p class=\"p3\">Fu ricevuto in Campidoglio come in trionfo da Arrigo di Castiglia, da molti nobili e dal popolo esultante. Qui fu acclamato Re ed Imperatore.<\/p>\n<p class=\"p3\">\u201cLa sua bravura, la dolcezza dei modi e la sua bont\u00e0 d\u2019animo, tutte insomma le sue buone qualit\u00e0 accrebbero intorno a lui il favore popolare\u201d. (Corradino di Svevia. Loreto Severino).<\/p>\n<p class=\"p3\">Tutto procedeva sotto i migliori auspici.<\/p>\n<p class=\"p3\">Nelle principali citt\u00e0 d\u2019Italia e della Sicilia sventolava la bandiera ghibellina.<\/p>\n<p class=\"p3\">Era il 14 agosto quando con il suo esercito partiva alla volta dell\u2019Abruzzo. Pensava di entrare nel Regno di Napoli passando per Sulmona, da qui raggiungere Lucera, fedelissima agli Svevi, per poi affrontare Carlo D\u2019Angi\u00f2 in battaglia.<\/p>\n<p class=\"p3\">Era accompagnato da autorevoli personalit\u00e0 politiche e militari: il fedelissimo Federico, duca d\u2019Austria, il senatore Enrico di Castiglia, il conte Galvano Lancia e Corrado d\u2019Antiochia che gi\u00e0 conte di Alba e di celano e quindi buon conoscitore di questi luoghi \u00a0deve aver avuto un peso determinante sulla decisione di abbandonare a Carsoli la via Valeria, dove si temevano agguati, per inoltrarsi nei sentieri boscosi della valle di Luppa.<\/p>\n<p class=\"p3\">Il confine dei Marsi albesi dagli Equi infatti passava nei pressi del paese di Santo Stefano come dal ceppo con l\u2019iscrizione \u201cAlbensium fines\u201d rinvenuto in localit\u00e0 \u201cle Colonnelle\u201d in Val dei Varri.<\/p>\n<p class=\"p3\">\u201cEcce Rex noster cito veniet\u201d<\/p>\n<p class=\"p3\">\u201cEcco che il nostro Re sta per giungere\u201d.<\/p>\n<p class=\"p3\">(Dalle lettere incitanti alla sollevazione)<\/p>\n<p>&nbsp;<\/p>\n<p class=\"p3\"><a href=\"https:\/\/lauramicalizio.it\/wp-content\/uploads\/2016\/03\/corradino5-6.jpeg\"><img loading=\"lazy\" class=\"size-medium wp-image-159 alignleft\" src=\"https:\/\/lauramicalizio.it\/wp-content\/uploads\/2016\/03\/corradino5-6-201x300.jpeg\" alt=\"corradino5 6\" width=\"201\" height=\"300\" srcset=\"https:\/\/lauramicalizio.it\/wp-content\/uploads\/2016\/03\/corradino5-6-201x300.jpeg 201w, https:\/\/lauramicalizio.it\/wp-content\/uploads\/2016\/03\/corradino5-6-687x1024.jpeg 687w, https:\/\/lauramicalizio.it\/wp-content\/uploads\/2016\/03\/corradino5-6.jpeg 2004w\" sizes=\"(max-width: 201px) 100vw, 201px\" \/><\/a>Inoltratosi nella valle di Luppa, l\u2019esercito di Corradino pass\u00f2 per il territorio di Pietrasecca, volse quindi verso Castelvecchio e risalendo il monte Faito nei pressi di Santo Stefano di Sante Marie scese a Torano presso il fiume Salto nel Cicolano da dove prosegu\u00ec per i Campi Palentini.<\/p>\n<p class=\"p3\">Qui il 22 agosto pose l\u2019accampamento nella pianura presso Scurcola mentre Carlo D\u2019Angi\u00f2 si accamp\u00f2 nella zona collinare a sud-ovest di Alba, da dove poteva osservare l\u2019esercito di Corradino alla distanza di due miglia.<\/p>\n<p class=\"p3\">La battaglia ebbe inizio la mattina del 23 agosto.<\/p>\n<p class=\"p3\">L\u2019esercito di Carlo era di circa 4000 soldati, quello di Corradino poco pi\u00f9 di 5000.<\/p>\n<p class=\"p3\">L\u2019astuzia del Re francese fu quella di ingegnarsi per trovare quell\u2019espediente atto ad equilibrare la situazione. Quello vincente glielo sugger\u00ec Aleard: l\u2019imboscata.<\/p>\n<p class=\"p3\">Infatti ai tre squadroni dell\u2019esercito di Corradino Aleard ne contrappose solo due, tenendo nascosto il terzo dietro la collina di Alba.<\/p>\n<p class=\"p3\">Quando le sorti della battaglia volgevano a favore degli Svevi e le truppe francesi erano allo sbando, ottocento scelti cavalieri angioini piombavano sull\u2019esercito nemico che sicuro ormai della conseguita vittoria ma anche stanchi per la lunga battaglia non costituivano pi\u00f9 un esercito ordinato e compatto. Fu una riserva efficiente che tramut\u00f2 la vittoria degli Svevi in disonorevole disfatta.<\/p>\n<p class=\"p3\">Meritatamente Carlo D\u2019Angi\u00f2 pot\u00e8 cos\u00ec concludere la lettera inviata al Papa, scritta la sera stessa del 23 agosto:<\/p>\n<p class=\"p3\">\u201c.. Si allieti la Chiesa nostra madre e lodi il Signore che le concesse s\u00ec grande trionfo col braccio del suo campione e sorga sicura giacch\u00e8 sembra che l\u2019Onnipotente abbia posto fine alle sue vessazioni e la abbia liberata dalle fauci dei suoi persecutori\u201d.<\/p>\n<p>&nbsp;<\/p>\n<p><a href=\"https:\/\/lauramicalizio.it\/wp-content\/uploads\/2016\/03\/SDC10851.jpg\"><img loading=\"lazy\" class=\"size-medium wp-image-131 alignleft\" src=\"https:\/\/lauramicalizio.it\/wp-content\/uploads\/2016\/03\/SDC10851-225x300.jpg\" alt=\"SDC10851\" width=\"225\" height=\"300\" srcset=\"https:\/\/lauramicalizio.it\/wp-content\/uploads\/2016\/03\/SDC10851-225x300.jpg 225w, https:\/\/lauramicalizio.it\/wp-content\/uploads\/2016\/03\/SDC10851-768x1024.jpg 768w\" sizes=\"(max-width: 225px) 100vw, 225px\" \/><\/a>Corradino e i suoi pi\u00f9 fidati cavalieri riparavano, fuggendo, tra i boschi \u00a0a ridosso di Scurcola ripercorrendo in parte a ritroso lo stesso percorso fatto per venire ai Piani Palentini.<\/p>\n<p class=\"p3\">Con gli abiti fradici, le membra stanche, ammutoliti e con il morale a pezzi arrancavano per l\u2019erte salite e la boscaglia che rendeva difficile il loro procedere. Ma nel fitto di questi boschi di castagneti e querceti, disseminati qua e l\u00e0 di eremi e monasteri nonch\u00e9 di poveri casolari abitati da pastori, Corradino riusciva a trovare il sentiero pi\u00f9 giusto per sfuggire all\u2019inseguimento dei soldati nemici, abituato alle fitte abetaie della sua Baviera.<\/p>\n<p class=\"p3\">Forse pi\u00f9 di una volta da qualche altura si volse a riguardare la pianura palentina ove si era infranto l\u2019atavico sogno di una Italia unita e in pace e si era concluso tragicamente il destino degli Svevi.<\/p>\n<p class=\"p3\">Si rivedeva nel turbinio della battaglia, risentiva il cozzare violento delle armi, le grida di incitamento, il lamento dei feriti.<\/p>\n<p class=\"p3\">Commiserava la sua sorte e quella del caro e fedele cugino Federico quasi presagendo la comune tragica fine.<\/p>\n<p class=\"p3\">Di essi per\u00f2 resta la memoria dolorosa e cara tenuta viva dall\u2019epigrafe apposta sulla loro tomba nella Chiesa del Carmine a Napoli<\/p>\n<p class=\"p3\">\u00a0 \u00a0 \u00a0 \u00a0 \u00a0 \u00a0 \u00a0 \u00a0 \u00a0 \u00a0 \u00a0 \u00a0 \u00a0 \u00a0 \u00a0 \u00a0 \u00a0 \u00a0 \u00a0&#8221; \u2026\u2026\u2026\u2026\u2026\u2026\u2026\u2026\u2026\u2026\u2026\u2026\u2026\u2026\u2026\u2026\u2026\u2026\u2026\u2026\u2026\u2026\u2026\u2026\u2026\u2026\u2026<\/p>\n<p class=\"p3\" style=\"text-align: center;\">Corradino di Svevia e Federico d\u2019Austria<\/p>\n<p class=\"p3\" style=\"text-align: center;\">\u00a0Di pari animo, pari et\u00e0 e pari fortuna<\/p>\n<p class=\"p3\" style=\"text-align: center;\">\u00a0I quali vinti nella stessa vittoria<\/p>\n<p class=\"p3\" style=\"text-align: center;\">Trovarono invece delle palme il pianto<\/p>\n<p class=\"p3\" style=\"text-align: center;\">In luogo del trofeo la fuga<\/p>\n<p class=\"p3\" style=\"text-align: center;\">\u2026\u2026\u2026\u2026\u2026\u2026\u2026\u2026\u2026\u2026\u2026\u2026\u2026\u2026\u2026\u2026\u2026\u2026\u2026\u2026\u2026\u2026\u2026\u2026\u2026\u2026\u2026..<\/p>\n<p class=\"p3\" style=\"text-align: center;\">Ambedue condannati per un unico ordine di Carlo D\u2019Angi\u00f2<\/p>\n<p class=\"p3\" style=\"text-align: center;\">Conseguirono il ferale palco invece del trono trionfale<\/p>\n<p class=\"p3\" style=\"text-align: center;\">La scure invece dello scettro<\/p>\n<p class=\"p3\" style=\"text-align: center;\">E qui il sepolcro invece dell\u2019aula regale\u201d.<\/p>\n<p>&nbsp;<\/p>\n<p>&nbsp;<\/p>\n<p class=\"p3\"><a href=\"https:\/\/lauramicalizio.it\/wp-content\/uploads\/2016\/03\/corradino5-9.jpeg\"><img loading=\"lazy\" class=\"size-medium wp-image-161 alignleft\" src=\"https:\/\/lauramicalizio.it\/wp-content\/uploads\/2016\/03\/corradino5-9-300x196.jpeg\" alt=\"corradino5 9\" width=\"300\" height=\"196\" srcset=\"https:\/\/lauramicalizio.it\/wp-content\/uploads\/2016\/03\/corradino5-9-300x196.jpeg 300w, https:\/\/lauramicalizio.it\/wp-content\/uploads\/2016\/03\/corradino5-9-1024x669.jpeg 1024w, https:\/\/lauramicalizio.it\/wp-content\/uploads\/2016\/03\/corradino5-9.jpeg 1455w\" sizes=\"(max-width: 300px) 100vw, 300px\" \/><\/a>Costeggiando gli attuali paesi posti alle falde meridionali della catena montuosa cui sovrasta la cima del monte Faito : Sorbo, San Donato, Gallo, Scanzano, Santo Stefano, Corradino giunse a Castelvecchio. Dagli annali Piacentini- Ghibellini (pag. 528) leggiamo: \u201cIl Re Corradino con i soldati che erano con lui si rifugi\u00f2 a Castrum Vegium\u201d, cio\u00e8 l\u2019attuale Castelvecchio, frazione del comune di Sante Marie e facilmente raggiungibile dai Piani Palentini, che un\u2019antica Bolla papale (1188) e i Regesti Angioini degli anni 1292-1293 chiamano Castrum Vetus e Castellum Vetus \u00a0come il Castrum Vegium degli Annali Piacentini.<\/p>\n<p class=\"p3\">Qui, benevolmente accolto, pernott\u00f2 nel locale castello ed ebbe modo di analizzare con i suoi pi\u00f9 fedeli le cause della sua disfatta.<\/p>\n<p class=\"p3\">Il giovane principe non si rassegnava all\u2019idea che un\u2019impresa che aveva assunto un\u2019importanza nazionale e che era cominciata sotto i migliori auspici si fosse cos\u00ec miseramente conclusa.<\/p>\n<p class=\"p3\">Non riusciva a capire se per la sua inesperienza, per la strategia troppo semplicistica dei capi militari o per la scarsa compattezza dei suoi soldati.<\/p>\n<p class=\"p3\">Forse proprio a Castelvecchio si pens\u00f2 di riorganizzare, una volta a Roma, un nuovo esercito in grado di riaffrontare Carlo D\u2019Angi\u00f2.<\/p>\n<p class=\"p3\">Gli avvenimenti per\u00f2 precipitarono. Corradino raggiunse Roma il 28 agosto. In questa citt\u00e0 che pochi giorni prima lo aveva accolto festosamente, le condizioni politiche erano mutate per il risorgere della fazione guelfa. Guido da Montefeltro, vicario del senatore Enrico di Castiglia, si rifiut\u00f2 di accogliere e proteggere i fuggiaschi e gli stessi ghibellini li consigliarono di abbandonare la citt\u00e0 al pi\u00f9 presto.<\/p>\n<p class=\"p3\">Partirono da Roma il 31 agosto per raggiungere il mare e mettersi in salvo sulla flotta pisana. Il tradimento di Giovanni Frangipane arrest\u00f2 la loro fuga \u00a0e forse devi\u00f2 il corso della storia, consegnandoli al nemico e alla morte.<\/p>\n<p class=\"p3\">Corradino fu decapitato nella piazza del Mercato di Napoli il 29 ottobre 1268. Sulla colonna fatta erigere sulla sua sepoltura Carlo volle questa epigrafe:<\/p>\n<p class=\"p3\" style=\"text-align: center;\">\u00a0 \u00a0 \u00a0 \u00a0 \u00a0 \u00a0 \u00a0 \u00a0 \u00a0 \u00a0 \u00a0 \u00a0 \u00a0 \u00a0 \u00a0 \u00a0 \u00a0 \u00a0 \u00a0\u201cIl leone ghermito con gli artigli da astore l\u2019aquilotto<\/p>\n<p class=\"p3\" style=\"text-align: center;\">\u00a0 \u00a0 \u00a0 \u00a0 \u00a0 \u00a0 \u00a0 \u00a0 \u00a0 \u00a0 \u00a0 \u00a0 \u00a0 \u00a0 \u00a0 \u00a0 \u00a0 \u00a0 \u00a0 \u00a0Qui lo spium\u00f2 e recisogli il capo lo depose\u201d.<\/p>\n<p class=\"p2\">10<\/p>\n","protected":false},"excerpt":{"rendered":"<p>Le frazioni attraversate dal Sentiero Corradino in cui sono presenti le tabelle con annessa la storia di Corradino tratte dal libro \u201cIl Borgo di Corradino nel III Millennio\u201d: Sante Marie &#8211; Castelvecchio &#8211; San Giovanni\u00a0 &#8211; Santo Stefano &#8211;\u00a0 Scanzano \u2013 Tubione \u2013 Val de\u2019 Varri In questa sezione \u00e8 stato raccolto tutto il materiale, testi ed immagini, presente nelle bacheche dei paesi che si trovano lungo il Sentiero\u00a0Corradino:\u00a0idea-progetto della professoressa Laura Micalizio. Il sentiero, gi\u00e0 tracciato nelle montagne abruzzesi, \u00e8 nato con la finalit\u00e0 di trasmettere ai giovani la pace e di avviare, principalmente, il progetto \u201cTurismo Religioso\u201d sempre della professoressa Micalizio, che partir\u00e0 dalla Marsica per coinvolgere regioni nazionali e internazionali. Alla professoressa appartiene, inoltre, il brevetto della ricetta di un dolce denominato \u201cLa torta di Corradino\u201dcreato con la finalit\u00e0 di incentivare la produzione di prodotti locali e di favorire la nascita di piccole imprese. Il dolce potr\u00e0 essere inserito nei mercatini e in qualsiasi attivit\u00e0 commerciale soprattutto nella ricorrenza della Battaglia di Tagliacozzo. Il progetto, inerente la creazione del dolce, \u00e8 stato presentato nell\u2019ambito dell\u2019Associazione Pari opportunit\u00e0 del Comune di Sante Marie ed \u00e8 denominato \u201cIl magico e dolce mormorio delle mani\u201d. L\u2019idea nasce da una ricerca&#8230;<\/p>\n","protected":false},"author":1,"featured_media":0,"parent":0,"menu_order":0,"comment_status":"closed","ping_status":"closed","template":"","meta":[],"_links":{"self":[{"href":"https:\/\/lauramicalizio.it\/index.php\/wp-json\/wp\/v2\/pages\/115"}],"collection":[{"href":"https:\/\/lauramicalizio.it\/index.php\/wp-json\/wp\/v2\/pages"}],"about":[{"href":"https:\/\/lauramicalizio.it\/index.php\/wp-json\/wp\/v2\/types\/page"}],"author":[{"embeddable":true,"href":"https:\/\/lauramicalizio.it\/index.php\/wp-json\/wp\/v2\/users\/1"}],"replies":[{"embeddable":true,"href":"https:\/\/lauramicalizio.it\/index.php\/wp-json\/wp\/v2\/comments?post=115"}],"version-history":[{"count":63,"href":"https:\/\/lauramicalizio.it\/index.php\/wp-json\/wp\/v2\/pages\/115\/revisions"}],"predecessor-version":[{"id":377,"href":"https:\/\/lauramicalizio.it\/index.php\/wp-json\/wp\/v2\/pages\/115\/revisions\/377"}],"wp:attachment":[{"href":"https:\/\/lauramicalizio.it\/index.php\/wp-json\/wp\/v2\/media?parent=115"}],"curies":[{"name":"wp","href":"https:\/\/api.w.org\/{rel}","templated":true}]}}